{"id":27729,"date":"2026-03-09T07:53:29","date_gmt":"2026-03-09T06:53:29","guid":{"rendered":"https:\/\/formandrefine.com\/materials\/genanvendt-materiale\/"},"modified":"2026-03-09T07:53:29","modified_gmt":"2026-03-09T06:53:29","slug":"genanvendt-materiale","status":"publish","type":"adt_materials","link":"https:\/\/formandrefine.com\/da\/materials\/genanvendt-materiale\/","title":{"rendered":"Genanvendt Materiale"},"content":{"rendered":"<p><span data-contrast=\"none\">Til vores Remake-kollektion bruger vi et plademateriale fremstillet af genanvendt emballageaffald, kaldet Recoma Packwall Design Board, produceret i Europa. Materialet fremstilles gennem en patenteret proces, hvor emballagen komprimeres under varme og tryk \u2013 uden brug af bindemidler eller kl\u00e6bestoffer.<\/span><span data-ccp-props=\"{&quot;134233117&quot;:true,&quot;134233118&quot;:true}\">\u00a0<\/span><\/p>\n<p><span data-contrast=\"none\">Materialet har et udtryk, der tydeligt viser, at det best\u00e5r af genanvendt emballage: Fragmenter af karton kan ses i overfladen og materialets historie st\u00e5r derfor tydeligt frem. Recoma er velegnet til m\u00f8bler og interi\u00f8r, hvor man \u00f8nsker et markant og udtryksfuldt materiale.<\/span><span data-ccp-props=\"{&quot;134233117&quot;:true,&quot;134233118&quot;:true}\">\u00a0<\/span><\/p>\n<p><span data-contrast=\"none\">Da materialet udelukkende best\u00e5r af genanvendt emballage og kan genanvendes fuldt ud i Recomas eget produktionssystem, udg\u00f8r det et ansvarligt og innovativt alternativ til traditionelle pladematerialer. If\u00f8lge Recomas Environmental Product Declaration (EPD) har materialet et CO\u2082-aftryk p\u00e5 \u201310,6 kg CO\u2082e pr. m\u00b2 (ved en pladev\u00e6gt p\u00e5 ca. 10,45 kg\/m\u00b2, cradle-to-gate).<\/span><span data-ccp-props=\"{&quot;134233117&quot;:true,&quot;134233118&quot;:true}\">\u00a0<\/span><\/p>\n<p><span data-contrast=\"none\">For flere oplysninger kan du l\u00e6se mere p\u00e5 <a href=\"https:\/\/www.recoma.com\/board\/design-board\">producentens hjemmeside.<\/a><\/span><\/p>\n","protected":false},"featured_media":27655,"template":"","class_list":["post-27729","adt_materials","type-adt_materials","status-publish","has-post-thumbnail","hentry"],"acf":[],"yoast_head":"<!-- This site is optimized with the Yoast SEO plugin v25.9 - https:\/\/yoast.com\/wordpress\/plugins\/seo\/ -->\n<title>Genanvendt Materiale - Form &amp; Refine<\/title>\n<meta name=\"robots\" content=\"index, follow, max-snippet:-1, max-image-preview:large, max-video-preview:-1\" \/>\n<link rel=\"canonical\" href=\"https:\/\/formandrefine.com\/da\/materials\/genanvendt-materiale\/\" \/>\n<meta property=\"og:locale\" content=\"da_DK\" \/>\n<meta property=\"og:type\" content=\"article\" \/>\n<meta property=\"og:title\" content=\"Genanvendt Materiale - Form &amp; Refine\" \/>\n<meta property=\"og:description\" content=\"Til vores Remake-kollektion bruger vi et plademateriale fremstillet af genanvendt emballageaffald, kaldet Recoma Packwall Design Board, produceret i Europa. Materialet fremstilles gennem en patenteret proces, hvor emballagen komprimeres under varme og tryk \u2013 uden brug af bindemidler eller kl\u00e6bestoffer.\u00a0 Materialet har et udtryk, der tydeligt viser, at det best\u00e5r af genanvendt emballage: Fragmenter af karton [...]\" \/>\n<meta property=\"og:url\" content=\"https:\/\/formandrefine.com\/da\/materials\/genanvendt-materiale\/\" \/>\n<meta property=\"og:site_name\" content=\"Form &amp; Refine\" \/>\n<meta property=\"og:image\" content=\"https:\/\/formandrefine.com\/wp-content\/uploads\/2026\/03\/Recoma_wide.webp\" \/>\n\t<meta property=\"og:image:width\" content=\"1920\" \/>\n\t<meta property=\"og:image:height\" content=\"1080\" \/>\n\t<meta property=\"og:image:type\" content=\"image\/webp\" \/>\n<meta name=\"twitter:card\" content=\"summary_large_image\" \/>\n<meta name=\"twitter:label1\" content=\"Estimeret l\u00e6setid\" \/>\n\t<meta name=\"twitter:data1\" content=\"1 minut\" \/>\n<script type=\"application\/ld+json\" class=\"yoast-schema-graph\">{\"@context\":\"https:\/\/schema.org\",\"@graph\":[{\"@type\":\"WebPage\",\"@id\":\"https:\/\/formandrefine.com\/da\/materials\/genanvendt-materiale\/\",\"url\":\"https:\/\/formandrefine.com\/da\/materials\/genanvendt-materiale\/\",\"name\":\"Genanvendt Materiale - Form &amp; Refine\",\"isPartOf\":{\"@id\":\"https:\/\/formandrefine.com\/#website\"},\"primaryImageOfPage\":{\"@id\":\"https:\/\/formandrefine.com\/da\/materials\/genanvendt-materiale\/#primaryimage\"},\"image\":{\"@id\":\"https:\/\/formandrefine.com\/da\/materials\/genanvendt-materiale\/#primaryimage\"},\"thumbnailUrl\":\"https:\/\/formandrefine.com\/wp-content\/uploads\/2026\/03\/Recoma_wide.webp\",\"datePublished\":\"2026-03-09T06:53:29+00:00\",\"breadcrumb\":{\"@id\":\"https:\/\/formandrefine.com\/da\/materials\/genanvendt-materiale\/#breadcrumb\"},\"inLanguage\":\"da-DK\",\"potentialAction\":[{\"@type\":\"ReadAction\",\"target\":[\"https:\/\/formandrefine.com\/da\/materials\/genanvendt-materiale\/\"]}]},{\"@type\":\"ImageObject\",\"inLanguage\":\"da-DK\",\"@id\":\"https:\/\/formandrefine.com\/da\/materials\/genanvendt-materiale\/#primaryimage\",\"url\":\"https:\/\/formandrefine.com\/wp-content\/uploads\/2026\/03\/Recoma_wide.webp\",\"contentUrl\":\"https:\/\/formandrefine.com\/wp-content\/uploads\/2026\/03\/Recoma_wide.webp\",\"width\":1920,\"height\":1080},{\"@type\":\"BreadcrumbList\",\"@id\":\"https:\/\/formandrefine.com\/da\/materials\/genanvendt-materiale\/#breadcrumb\",\"itemListElement\":[{\"@type\":\"ListItem\",\"position\":1,\"name\":\"Home\",\"item\":\"https:\/\/formandrefine.com\/da\/\"},{\"@type\":\"ListItem\",\"position\":2,\"name\":\"Materials\",\"item\":\"https:\/\/formandrefine.com\/da\/materials\/\"},{\"@type\":\"ListItem\",\"position\":3,\"name\":\"Genanvendt Materiale\"}]},{\"@type\":\"WebSite\",\"@id\":\"https:\/\/formandrefine.com\/#website\",\"url\":\"https:\/\/formandrefine.com\/\",\"name\":\"Form &amp; Refine\",\"description\":\"Form and Refine is a Danish design brand. We form collections of Nordic design that will refine as the years progress.\",\"potentialAction\":[{\"@type\":\"SearchAction\",\"target\":{\"@type\":\"EntryPoint\",\"urlTemplate\":\"https:\/\/formandrefine.com\/?s={search_term_string}\"},\"query-input\":{\"@type\":\"PropertyValueSpecification\",\"valueRequired\":true,\"valueName\":\"search_term_string\"}}],\"inLanguage\":\"da-DK\"}]}<\/script>\n<!-- \/ Yoast SEO plugin. -->","yoast_head_json":{"title":"Genanvendt Materiale - Form &amp; Refine","robots":{"index":"index","follow":"follow","max-snippet":"max-snippet:-1","max-image-preview":"max-image-preview:large","max-video-preview":"max-video-preview:-1"},"canonical":"https:\/\/formandrefine.com\/da\/materials\/genanvendt-materiale\/","og_locale":"da_DK","og_type":"article","og_title":"Genanvendt Materiale - Form &amp; Refine","og_description":"Til vores Remake-kollektion bruger vi et plademateriale fremstillet af genanvendt emballageaffald, kaldet Recoma Packwall Design Board, produceret i Europa. Materialet fremstilles gennem en patenteret proces, hvor emballagen komprimeres under varme og tryk \u2013 uden brug af bindemidler eller kl\u00e6bestoffer.\u00a0 Materialet har et udtryk, der tydeligt viser, at det best\u00e5r af genanvendt emballage: Fragmenter af karton [...]","og_url":"https:\/\/formandrefine.com\/da\/materials\/genanvendt-materiale\/","og_site_name":"Form &amp; Refine","og_image":[{"width":1920,"height":1080,"url":"https:\/\/formandrefine.com\/wp-content\/uploads\/2026\/03\/Recoma_wide.webp","type":"image\/webp"}],"twitter_card":"summary_large_image","twitter_misc":{"Estimeret l\u00e6setid":"1 minut"},"schema":{"@context":"https:\/\/schema.org","@graph":[{"@type":"WebPage","@id":"https:\/\/formandrefine.com\/da\/materials\/genanvendt-materiale\/","url":"https:\/\/formandrefine.com\/da\/materials\/genanvendt-materiale\/","name":"Genanvendt Materiale - Form &amp; Refine","isPartOf":{"@id":"https:\/\/formandrefine.com\/#website"},"primaryImageOfPage":{"@id":"https:\/\/formandrefine.com\/da\/materials\/genanvendt-materiale\/#primaryimage"},"image":{"@id":"https:\/\/formandrefine.com\/da\/materials\/genanvendt-materiale\/#primaryimage"},"thumbnailUrl":"https:\/\/formandrefine.com\/wp-content\/uploads\/2026\/03\/Recoma_wide.webp","datePublished":"2026-03-09T06:53:29+00:00","breadcrumb":{"@id":"https:\/\/formandrefine.com\/da\/materials\/genanvendt-materiale\/#breadcrumb"},"inLanguage":"da-DK","potentialAction":[{"@type":"ReadAction","target":["https:\/\/formandrefine.com\/da\/materials\/genanvendt-materiale\/"]}]},{"@type":"ImageObject","inLanguage":"da-DK","@id":"https:\/\/formandrefine.com\/da\/materials\/genanvendt-materiale\/#primaryimage","url":"https:\/\/formandrefine.com\/wp-content\/uploads\/2026\/03\/Recoma_wide.webp","contentUrl":"https:\/\/formandrefine.com\/wp-content\/uploads\/2026\/03\/Recoma_wide.webp","width":1920,"height":1080},{"@type":"BreadcrumbList","@id":"https:\/\/formandrefine.com\/da\/materials\/genanvendt-materiale\/#breadcrumb","itemListElement":[{"@type":"ListItem","position":1,"name":"Home","item":"https:\/\/formandrefine.com\/da\/"},{"@type":"ListItem","position":2,"name":"Materials","item":"https:\/\/formandrefine.com\/da\/materials\/"},{"@type":"ListItem","position":3,"name":"Genanvendt Materiale"}]},{"@type":"WebSite","@id":"https:\/\/formandrefine.com\/#website","url":"https:\/\/formandrefine.com\/","name":"Form &amp; Refine","description":"Form and Refine is a Danish design brand. We form collections of Nordic design that will refine as the years progress.","potentialAction":[{"@type":"SearchAction","target":{"@type":"EntryPoint","urlTemplate":"https:\/\/formandrefine.com\/?s={search_term_string}"},"query-input":{"@type":"PropertyValueSpecification","valueRequired":true,"valueName":"search_term_string"}}],"inLanguage":"da-DK"}]}},"_links":{"self":[{"href":"https:\/\/formandrefine.com\/da\/wp-json\/wp\/v2\/adt_materials\/27729","targetHints":{"allow":["GET"]}}],"collection":[{"href":"https:\/\/formandrefine.com\/da\/wp-json\/wp\/v2\/adt_materials"}],"about":[{"href":"https:\/\/formandrefine.com\/da\/wp-json\/wp\/v2\/types\/adt_materials"}],"wp:featuredmedia":[{"embeddable":true,"href":"https:\/\/formandrefine.com\/da\/wp-json\/wp\/v2\/media\/27655"}],"wp:attachment":[{"href":"https:\/\/formandrefine.com\/da\/wp-json\/wp\/v2\/media?parent=27729"}],"curies":[{"name":"wp","href":"https:\/\/api.w.org\/{rel}","templated":true}]}}