{"id":27740,"date":"2026-03-09T08:13:56","date_gmt":"2026-03-09T07:13:56","guid":{"rendered":"https:\/\/formandrefine.com\/materials\/staal\/"},"modified":"2026-03-09T08:13:56","modified_gmt":"2026-03-09T07:13:56","slug":"staal","status":"publish","type":"adt_materials","link":"https:\/\/formandrefine.com\/da\/materials\/staal\/","title":{"rendered":"St\u00e5l"},"content":{"rendered":"<p><span data-contrast=\"none\">St\u00e5l er et robust materiale med et enkelt og \u00e6rligt udtryk. Overfladen er glat, k\u00f8lig og giver en diskret refleksion. Materialets styrke og holdbarhed g\u00f8r det s\u00e6rligt velegnet til m\u00f8bler og m\u00f8belkomponenter, der skal holde i mange \u00e5r.<\/span><span data-ccp-props=\"{&quot;134233117&quot;:true,&quot;134233118&quot;:true}\">\u00a0<\/span><\/p>\n<p><span data-contrast=\"none\">Vi arbejder prim\u00e6rt med rustfrit st\u00e5l og lader i de fleste tilf\u00e6lde materialets egen overflade definere udtrykket, frem for at tilf\u00f8re yderligere behandling. Vi har introduceret flere produkter i st\u00e5l, dels fordi det er et materiale, vi tror p\u00e5, og dels fordi dets skarpe og k\u00f8lige karakter fungerer godt i samspil med vores \u00f8vrige produktsortiment, som prim\u00e6rt best\u00e5r af tr\u00e6 og har et bl\u00f8dere og varmere udtryk. St\u00e5l har derudover den egenskab, at det kan genanvendes uden tab af kvalitet, og det underst\u00f8tter vores fokus p\u00e5 brug af ansvarlige, holdbare materialer.<\/span><span data-ccp-props=\"{&quot;134233117&quot;:true,&quot;134233118&quot;:true}\">\u00a0<\/span><\/p>\n","protected":false},"featured_media":27651,"template":"","class_list":["post-27740","adt_materials","type-adt_materials","status-publish","has-post-thumbnail","hentry"],"acf":[],"yoast_head":"<!-- This site is optimized with the Yoast SEO plugin v25.9 - https:\/\/yoast.com\/wordpress\/plugins\/seo\/ -->\n<title>St\u00e5l - Form &amp; Refine<\/title>\n<meta name=\"robots\" content=\"index, follow, max-snippet:-1, max-image-preview:large, max-video-preview:-1\" \/>\n<link rel=\"canonical\" href=\"https:\/\/formandrefine.com\/da\/materials\/staal\/\" \/>\n<meta property=\"og:locale\" content=\"da_DK\" \/>\n<meta property=\"og:type\" content=\"article\" \/>\n<meta property=\"og:title\" content=\"St\u00e5l - Form &amp; Refine\" \/>\n<meta property=\"og:description\" content=\"St\u00e5l er et robust materiale med et enkelt og \u00e6rligt udtryk. Overfladen er glat, k\u00f8lig og giver en diskret refleksion. Materialets styrke og holdbarhed g\u00f8r det s\u00e6rligt velegnet til m\u00f8bler og m\u00f8belkomponenter, der skal holde i mange \u00e5r.\u00a0 Vi arbejder prim\u00e6rt med rustfrit st\u00e5l og lader i de fleste tilf\u00e6lde materialets egen overflade definere udtrykket, [...]\" \/>\n<meta property=\"og:url\" content=\"https:\/\/formandrefine.com\/da\/materials\/staal\/\" \/>\n<meta property=\"og:site_name\" content=\"Form &amp; Refine\" \/>\n<meta property=\"og:image\" content=\"https:\/\/formandrefine.com\/wp-content\/uploads\/2026\/03\/Steel_wide.webp\" \/>\n\t<meta property=\"og:image:width\" content=\"1920\" \/>\n\t<meta property=\"og:image:height\" content=\"1080\" \/>\n\t<meta property=\"og:image:type\" content=\"image\/webp\" \/>\n<meta name=\"twitter:card\" content=\"summary_large_image\" \/>\n<meta name=\"twitter:label1\" content=\"Estimeret l\u00e6setid\" \/>\n\t<meta name=\"twitter:data1\" content=\"1 minut\" \/>\n<script type=\"application\/ld+json\" class=\"yoast-schema-graph\">{\"@context\":\"https:\/\/schema.org\",\"@graph\":[{\"@type\":\"WebPage\",\"@id\":\"https:\/\/formandrefine.com\/da\/materials\/staal\/\",\"url\":\"https:\/\/formandrefine.com\/da\/materials\/staal\/\",\"name\":\"St\u00e5l - Form &amp; Refine\",\"isPartOf\":{\"@id\":\"https:\/\/formandrefine.com\/#website\"},\"primaryImageOfPage\":{\"@id\":\"https:\/\/formandrefine.com\/da\/materials\/staal\/#primaryimage\"},\"image\":{\"@id\":\"https:\/\/formandrefine.com\/da\/materials\/staal\/#primaryimage\"},\"thumbnailUrl\":\"https:\/\/formandrefine.com\/wp-content\/uploads\/2026\/03\/Steel_wide.webp\",\"datePublished\":\"2026-03-09T07:13:56+00:00\",\"breadcrumb\":{\"@id\":\"https:\/\/formandrefine.com\/da\/materials\/staal\/#breadcrumb\"},\"inLanguage\":\"da-DK\",\"potentialAction\":[{\"@type\":\"ReadAction\",\"target\":[\"https:\/\/formandrefine.com\/da\/materials\/staal\/\"]}]},{\"@type\":\"ImageObject\",\"inLanguage\":\"da-DK\",\"@id\":\"https:\/\/formandrefine.com\/da\/materials\/staal\/#primaryimage\",\"url\":\"https:\/\/formandrefine.com\/wp-content\/uploads\/2026\/03\/Steel_wide.webp\",\"contentUrl\":\"https:\/\/formandrefine.com\/wp-content\/uploads\/2026\/03\/Steel_wide.webp\",\"width\":1920,\"height\":1080},{\"@type\":\"BreadcrumbList\",\"@id\":\"https:\/\/formandrefine.com\/da\/materials\/staal\/#breadcrumb\",\"itemListElement\":[{\"@type\":\"ListItem\",\"position\":1,\"name\":\"Home\",\"item\":\"https:\/\/formandrefine.com\/da\/\"},{\"@type\":\"ListItem\",\"position\":2,\"name\":\"Materials\",\"item\":\"https:\/\/formandrefine.com\/da\/materials\/\"},{\"@type\":\"ListItem\",\"position\":3,\"name\":\"St\u00e5l\"}]},{\"@type\":\"WebSite\",\"@id\":\"https:\/\/formandrefine.com\/#website\",\"url\":\"https:\/\/formandrefine.com\/\",\"name\":\"Form &amp; Refine\",\"description\":\"Form and Refine is a Danish design brand. We form collections of Nordic design that will refine as the years progress.\",\"potentialAction\":[{\"@type\":\"SearchAction\",\"target\":{\"@type\":\"EntryPoint\",\"urlTemplate\":\"https:\/\/formandrefine.com\/?s={search_term_string}\"},\"query-input\":{\"@type\":\"PropertyValueSpecification\",\"valueRequired\":true,\"valueName\":\"search_term_string\"}}],\"inLanguage\":\"da-DK\"}]}<\/script>\n<!-- \/ Yoast SEO plugin. -->","yoast_head_json":{"title":"St\u00e5l - Form &amp; Refine","robots":{"index":"index","follow":"follow","max-snippet":"max-snippet:-1","max-image-preview":"max-image-preview:large","max-video-preview":"max-video-preview:-1"},"canonical":"https:\/\/formandrefine.com\/da\/materials\/staal\/","og_locale":"da_DK","og_type":"article","og_title":"St\u00e5l - Form &amp; Refine","og_description":"St\u00e5l er et robust materiale med et enkelt og \u00e6rligt udtryk. Overfladen er glat, k\u00f8lig og giver en diskret refleksion. Materialets styrke og holdbarhed g\u00f8r det s\u00e6rligt velegnet til m\u00f8bler og m\u00f8belkomponenter, der skal holde i mange \u00e5r.\u00a0 Vi arbejder prim\u00e6rt med rustfrit st\u00e5l og lader i de fleste tilf\u00e6lde materialets egen overflade definere udtrykket, [...]","og_url":"https:\/\/formandrefine.com\/da\/materials\/staal\/","og_site_name":"Form &amp; Refine","og_image":[{"width":1920,"height":1080,"url":"https:\/\/formandrefine.com\/wp-content\/uploads\/2026\/03\/Steel_wide.webp","type":"image\/webp"}],"twitter_card":"summary_large_image","twitter_misc":{"Estimeret l\u00e6setid":"1 minut"},"schema":{"@context":"https:\/\/schema.org","@graph":[{"@type":"WebPage","@id":"https:\/\/formandrefine.com\/da\/materials\/staal\/","url":"https:\/\/formandrefine.com\/da\/materials\/staal\/","name":"St\u00e5l - Form &amp; Refine","isPartOf":{"@id":"https:\/\/formandrefine.com\/#website"},"primaryImageOfPage":{"@id":"https:\/\/formandrefine.com\/da\/materials\/staal\/#primaryimage"},"image":{"@id":"https:\/\/formandrefine.com\/da\/materials\/staal\/#primaryimage"},"thumbnailUrl":"https:\/\/formandrefine.com\/wp-content\/uploads\/2026\/03\/Steel_wide.webp","datePublished":"2026-03-09T07:13:56+00:00","breadcrumb":{"@id":"https:\/\/formandrefine.com\/da\/materials\/staal\/#breadcrumb"},"inLanguage":"da-DK","potentialAction":[{"@type":"ReadAction","target":["https:\/\/formandrefine.com\/da\/materials\/staal\/"]}]},{"@type":"ImageObject","inLanguage":"da-DK","@id":"https:\/\/formandrefine.com\/da\/materials\/staal\/#primaryimage","url":"https:\/\/formandrefine.com\/wp-content\/uploads\/2026\/03\/Steel_wide.webp","contentUrl":"https:\/\/formandrefine.com\/wp-content\/uploads\/2026\/03\/Steel_wide.webp","width":1920,"height":1080},{"@type":"BreadcrumbList","@id":"https:\/\/formandrefine.com\/da\/materials\/staal\/#breadcrumb","itemListElement":[{"@type":"ListItem","position":1,"name":"Home","item":"https:\/\/formandrefine.com\/da\/"},{"@type":"ListItem","position":2,"name":"Materials","item":"https:\/\/formandrefine.com\/da\/materials\/"},{"@type":"ListItem","position":3,"name":"St\u00e5l"}]},{"@type":"WebSite","@id":"https:\/\/formandrefine.com\/#website","url":"https:\/\/formandrefine.com\/","name":"Form &amp; Refine","description":"Form and Refine is a Danish design brand. We form collections of Nordic design that will refine as the years progress.","potentialAction":[{"@type":"SearchAction","target":{"@type":"EntryPoint","urlTemplate":"https:\/\/formandrefine.com\/?s={search_term_string}"},"query-input":{"@type":"PropertyValueSpecification","valueRequired":true,"valueName":"search_term_string"}}],"inLanguage":"da-DK"}]}},"_links":{"self":[{"href":"https:\/\/formandrefine.com\/da\/wp-json\/wp\/v2\/adt_materials\/27740","targetHints":{"allow":["GET"]}}],"collection":[{"href":"https:\/\/formandrefine.com\/da\/wp-json\/wp\/v2\/adt_materials"}],"about":[{"href":"https:\/\/formandrefine.com\/da\/wp-json\/wp\/v2\/types\/adt_materials"}],"wp:featuredmedia":[{"embeddable":true,"href":"https:\/\/formandrefine.com\/da\/wp-json\/wp\/v2\/media\/27651"}],"wp:attachment":[{"href":"https:\/\/formandrefine.com\/da\/wp-json\/wp\/v2\/media?parent=27740"}],"curies":[{"name":"wp","href":"https:\/\/api.w.org\/{rel}","templated":true}]}}