{"id":16111,"date":"2023-12-21T15:58:20","date_gmt":"2023-12-21T14:58:20","guid":{"rendered":"https:\/\/formandrefine.com\/?post_type=product&#038;p=16111"},"modified":"2026-01-15T14:06:08","modified_gmt":"2026-01-15T13:06:08","slug":"block-lounge-chair-oak-zero","status":"publish","type":"product","link":"https:\/\/formandrefine.com\/da\/vare\/block-lounge-chair-oak-zero\/","title":{"rendered":"Block Lounge Chair, Oak Zero"},"content":{"rendered":"\n\t<section class=\"section\" id=\"section_1748009057\">\n\t\t<div class=\"section-bg fill\" >\n\t\t\t\t\t\t\t\t\t\n\t\t\t\n\n\t\t<\/div>\n\n\t\t\n\n\t\t<div class=\"section-content relative\">\n\t\t\t\n<div class=\"row row-collapse align-middle\"  id=\"row-776540907\">\n\n\t<div id=\"col-459684899\" class=\"col medium-7 small-12 large-7\"  >\n\t\t\t\t<div class=\"col-inner\"  >\n\t\t\t\n\t\t\t\n\n  <div class=\"banner has-hover\" id=\"banner-145826114\">\n          <div class=\"banner-inner fill\">\n        <div class=\"banner-bg fill\" >\n            <img loading=\"lazy\" decoding=\"async\" width=\"1495\" height=\"1920\" src=\"https:\/\/formandrefine.com\/wp-content\/uploads\/2023\/12\/Form-and-Refine_Living_Jounal-side-table_Oak_Block-lounge-chair-zerio-oak_545x700.webp\" class=\"bg attachment-original size-original\" alt=\"\" \/>                                    \n                    <\/div>\n\t\t\n        <div class=\"banner-layers container\">\n            <div class=\"fill banner-link\"><\/div>            \n        <\/div>\n      <\/div>\n\n              <div class=\"height-fix is-invisible\"><img loading=\"lazy\" decoding=\"async\" width=\"1495\" height=\"1920\" src=\"https:\/\/formandrefine.com\/wp-content\/uploads\/2023\/12\/Form-and-Refine_Living_Jounal-side-table_Oak_Block-lounge-chair-zerio-oak_545x700.webp\" class=\"attachment-original size-original\" alt=\"\" srcset=\"https:\/\/formandrefine.com\/wp-content\/uploads\/2023\/12\/Form-and-Refine_Living_Jounal-side-table_Oak_Block-lounge-chair-zerio-oak_545x700.webp 1495w, https:\/\/formandrefine.com\/wp-content\/uploads\/2023\/12\/Form-and-Refine_Living_Jounal-side-table_Oak_Block-lounge-chair-zerio-oak_545x700-510x655.webp 510w, https:\/\/formandrefine.com\/wp-content\/uploads\/2023\/12\/Form-and-Refine_Living_Jounal-side-table_Oak_Block-lounge-chair-zerio-oak_545x700-234x300.webp 234w, https:\/\/formandrefine.com\/wp-content\/uploads\/2023\/12\/Form-and-Refine_Living_Jounal-side-table_Oak_Block-lounge-chair-zerio-oak_545x700-797x1024.webp 797w, https:\/\/formandrefine.com\/wp-content\/uploads\/2023\/12\/Form-and-Refine_Living_Jounal-side-table_Oak_Block-lounge-chair-zerio-oak_545x700-768x986.webp 768w, https:\/\/formandrefine.com\/wp-content\/uploads\/2023\/12\/Form-and-Refine_Living_Jounal-side-table_Oak_Block-lounge-chair-zerio-oak_545x700-1196x1536.webp 1196w, https:\/\/formandrefine.com\/wp-content\/uploads\/2023\/12\/Form-and-Refine_Living_Jounal-side-table_Oak_Block-lounge-chair-zerio-oak_545x700-47x60.webp 47w, https:\/\/formandrefine.com\/wp-content\/uploads\/2023\/12\/Form-and-Refine_Living_Jounal-side-table_Oak_Block-lounge-chair-zerio-oak_545x700-70x90.webp 70w\" sizes=\"auto, (max-width: 1495px) 100vw, 1495px\" \/><\/div>\n            \n<style>\n#banner-145826114 .banner-bg img {\n  object-position: 14% 62%;\n}\n<\/style>\n  <\/div>\n\n\n\t\t<\/div>\n\t\t\t\t\t<\/div>\n\n\t\n\n\t<div id=\"col-640900351\" class=\"col medium-5 small-12 large-5\"  >\n\t\t\t\t<div class=\"col-inner\"  >\n\t\t\t\n\t\t\t\n<p><span style=\"font-size: 200%;\">En Kompakt og Komfortabel L\u00e6nestol<\/span><\/p>\n<div class=\"ewa-rteLine\">\n<div class=\"ewa-rteLine\">\n<div class=\"ewa-rteLine\">En kompakt polstret l\u00e6nestol med et markant sidepanel i tr\u00e6 og delikat tekstilbetr\u00e6k, som kombinerer rene, slidst\u00e6rke materialer og bl\u00f8de ergonomiske former. Stolen er t\u00e6nkt som et fleksibelt m\u00f8bel med gener\u00f8s siddekomfort trods sin minimale st\u00f8rrelse.<\/div>\n<div><\/div>\n<div class=\"ewa-rteLine\">Det uds\u00f8gte tekstil har synlige syninger p\u00e5 for- og bagkanten af s\u00e6det. Block Lounge Chair er velegnet til b\u00e5de sm\u00e5 lokaler og store, \u00e5bne rum. Form &amp; Refine og Herman Studio skabte sammen Block Lounge Chair til Snedkernes Efter\u00e5rsudstilling i 2022 i K\u00f8benhavn.<\/div>\n<\/div>\n<div><\/div>\n<div class=\"ewa-rteLine\">\n<div class=\"ewa-rteLine\">Zero-tekstilet er et elegant og uj\u00e6vnt boucl\u00e9 m\u00f8belstof. Brugen af det noprede garn som b\u00e5de trend og isl\u00e6t skaber en tiltalende stoflighed og et raffineret udtryk. M\u00f8nstret har en unik, kontrastrig \u201dsalt og peber\u201d-effekt. Tekstilet Zero, 004, er udviklet i partnerskab med Kvadrat.<\/div>\n<\/div>\n<div class=\"ewa-rteLine\"><\/div>\n<\/div>\n\t\t<\/div>\n\t\t\t\t\n<style>\n#col-640900351 > .col-inner {\n  padding: 30px 15px 0px 15px;\n}\n@media (min-width:550px) {\n  #col-640900351 > .col-inner {\n    padding: 0px 60px 0px 60px;\n  }\n}\n@media (min-width:850px) {\n  #col-640900351 > .col-inner {\n    padding: 0px 80px 0px 80px;\n  }\n}\n<\/style>\n\t<\/div>\n\n\t\n<\/div>\n\t\t<\/div>\n\n\t\t\n<style>\n#section_1748009057 {\n  padding-top: 45px;\n  padding-bottom: 45px;\n}\n<\/style>\n\t<\/section>\n\t\n\n\t<section class=\"section\" id=\"section_351978919\">\n\t\t<div class=\"section-bg fill\" >\n\t\t\t\t\t\t\t\t\t\n\t\t\t\n\n\t\t<\/div>\n\n\t\t\n\n\t\t<div class=\"section-content relative\">\n\t\t\t\n<div class=\"row row-small row-full-width align-center padding-middle-only\"  id=\"row-1935652565\">\n\n\t<div id=\"col-1220764726\" class=\"col medium-6 small-12 large-6\"  >\n\t\t\t\t<div class=\"col-inner\"  >\n\t\t\t\n\t\t\t\n\n  <div class=\"banner has-hover\" id=\"banner-975865512\">\n          <div class=\"banner-inner fill\">\n        <div class=\"banner-bg fill\" >\n            <img loading=\"lazy\" decoding=\"async\" width=\"2560\" height=\"1503\" src=\"https:\/\/formandrefine.com\/wp-content\/uploads\/2023\/12\/Form-and-Refine_Block-Lounge-Chair_Oak_Zero_Detail-side_545x320-scaled.webp\" class=\"bg attachment-original size-original\" alt=\"\" \/>                                    \n                    <\/div>\n\t\t\n        <div class=\"banner-layers container\">\n            <div class=\"fill banner-link\"><\/div>            \n        <\/div>\n      <\/div>\n\n            \n<style>\n#banner-975865512 {\n  padding-top: 56.25%;\n}\n#banner-975865512 .banner-bg img {\n  object-position: 50% 50%;\n}\n<\/style>\n  <\/div>\n\n\n\t\t<\/div>\n\t\t\t\t\t<\/div>\n\n\t\n\n\t<div id=\"col-430966773\" class=\"col medium-6 small-12 large-6\"  >\n\t\t\t\t<div class=\"col-inner\"  >\n\t\t\t\n\t\t\t\n\n  <div class=\"banner has-hover\" id=\"banner-1623268157\">\n          <div class=\"banner-inner fill\">\n        <div class=\"banner-bg fill\" >\n            <img loading=\"lazy\" decoding=\"async\" width=\"2560\" height=\"1503\" src=\"https:\/\/formandrefine.com\/wp-content\/uploads\/2023\/12\/Form-and-Refine_Block-Lounge-Chair_Oak_Zero_Detail-front_545x320-scaled.webp\" class=\"bg attachment-original size-original\" alt=\"\" \/>                                    \n                    <\/div>\n\t\t\n        <div class=\"banner-layers container\">\n            <div class=\"fill banner-link\"><\/div>            \n        <\/div>\n      <\/div>\n\n            \n<style>\n#banner-1623268157 {\n  padding-top: 56.25%;\n}\n#banner-1623268157 .banner-bg img {\n  object-position: 50% 50%;\n}\n<\/style>\n  <\/div>\n\n\n\t\t<\/div>\n\t\t\t\t\t<\/div>\n\n\t\n<\/div>\n\t\t<\/div>\n\n\t\t\n<style>\n#section_351978919 {\n  padding-top: 0px;\n  padding-bottom: 0px;\n}\n@media (min-width:550px) {\n  #section_351978919 {\n    padding-top: 45px;\n    padding-bottom: 45px;\n  }\n}\n<\/style>\n\t<\/section>\n\t\n\n\t<section class=\"section\" id=\"section_642147094\">\n\t\t<div class=\"section-bg fill\" >\n\t\t\t\t\t\t\t\t\t\n\t\t\t\n\n\t\t<\/div>\n\n\t\t\n\n\t\t<div class=\"section-content relative\">\n\t\t\t\n<div class=\"row row-collapse row-full-width align-center\"  id=\"row-691144990\">\n\n\t<div id=\"col-1239701048\" class=\"col small-12 large-12\"  >\n\t\t\t\t<div class=\"col-inner\"  >\n\t\t\t\n\t\t\t\n<div class=\"row align-center\"  id=\"row-1336896836\">\n\n\t<div id=\"col-1473388399\" class=\"col medium-6 small-12 large-6\"  >\n\t\t\t\t<div class=\"col-inner\"  >\n\t\t\t\n\t\t\t\n\n  <div class=\"banner has-hover\" id=\"banner-1017985561\">\n          <div class=\"banner-inner fill\">\n        <div class=\"banner-bg fill\" >\n            <img loading=\"lazy\" decoding=\"async\" width=\"2560\" height=\"2560\" src=\"https:\/\/formandrefine.com\/wp-content\/uploads\/2023\/12\/Form-and-Refine_Living_Block-white-oak-zero_perspective_hoover-scaled.webp\" class=\"bg attachment-original size-original\" alt=\"\" \/>                                    \n                    <\/div>\n\t\t\n        <div class=\"banner-layers container\">\n            <div class=\"fill banner-link\"><\/div>            \n        <\/div>\n      <\/div>\n\n            \n<style>\n#banner-1017985561 {\n  padding-top: 130%;\n}\n#banner-1017985561 .banner-bg img {\n  object-position: 50% 50%;\n}\n<\/style>\n  <\/div>\n\n\n\t\t<\/div>\n\t\t\t\t\t<\/div>\n\n\t\n\n<style>\n#row-1336896836 > .col > .col-inner {\n  padding: 50px 0px 0px 0px;\n}\n<\/style>\n<\/div>\n\t\t<\/div>\n\t\t\t\t\t<\/div>\n\n\t\n<\/div>\n\t\t<\/div>\n\n\t\t\n<style>\n#section_642147094 {\n  padding-top: 0px;\n  padding-bottom: 0px;\n}\n@media (min-width:550px) {\n  #section_642147094 {\n    padding-top: 0px;\n    padding-bottom: 0px;\n  }\n}\n<\/style>\n\t<\/section>\n\t\n\t<div id=\"gap-1424982643\" class=\"gap-element clearfix\" style=\"display:block; height:auto;\">\n\t\t\n<style>\n#gap-1424982643 {\n  padding-top: 55px;\n}\n<\/style>\n\t<\/div>\n\t\n\n\t<section class=\"section\" id=\"section_840405862\">\n\t\t<div class=\"section-bg fill\" >\n\t\t\t\t\t\t\t\t\t\n\t\t\t\n\n\t\t<\/div>\n\n\t\t\n\n\t\t<div class=\"section-content relative\">\n\t\t\t\n<div class=\"row row-collapse align-middle\"  id=\"row-703620369\">\n\n\t<div id=\"col-1977794648\" class=\"col medium-6 small-12 large-6\"  >\n\t\t\t\t<div class=\"col-inner\"  >\n\t\t\t\n\t\t\t\n\t<div id=\"text-4101386893\" class=\"text designer-thoughts\">\n\t\t\n<p><span style=\"font-size: 200%;\">\u201dVi ville lave en lille, kompakt stol med et markant udtryk. Stolens kraftige bagben spiller en vigtig rolle i forhold til dens udtryk, konstruktion og dimension. I udviklingsfasen arbejdede jeg intensivt p\u00e5 at f\u00e5 s\u00e5 stor komfort som muligt integreret i en relativt lille stol\u201d<\/span><\/p>\n<p>\u2013 Jonas Herman, Herman Studio<br \/>\n\t\t\t<\/div>\n\t\n<a href=\"https:\/\/formandrefine.com\/da\/designers\/herman-studio\/\" class=\"button primary is-link\"  style=\"padding:0px 10px 10px 10px;\">\n\t\t<span>udforsk designeren<\/span>\n\t<\/a>\n\n\t\t<\/div>\n\t\t\t\t\n<style>\n#col-1977794648 > .col-inner {\n  padding: 30px 60px 30px 60px;\n}\n@media (min-width:850px) {\n  #col-1977794648 > .col-inner {\n    padding: 0px 150px 0px 80px;\n  }\n}\n<\/style>\n\t<\/div>\n\n\t\n\n\t<div id=\"col-893407442\" class=\"col medium-6 small-12 large-6\"  >\n\t\t\t\t<div class=\"col-inner\"  >\n\t\t\t\n\t\t\t\n\n  <div class=\"banner has-hover\" id=\"banner-605820196\">\n          <div class=\"banner-inner fill\">\n        <div class=\"banner-bg fill\" >\n            <img loading=\"lazy\" decoding=\"async\" width=\"1993\" height=\"2560\" src=\"https:\/\/formandrefine.com\/wp-content\/uploads\/2023\/10\/FR_Jonas-Herman-Herman-Studio_Block-lounge-chair-scaled.webp\" class=\"bg attachment-original size-original\" alt=\"\" \/>                                    \n                    <\/div>\n\t\t\n        <div class=\"banner-layers container\">\n            <div class=\"fill banner-link\"><\/div>            \n        <\/div>\n      <\/div>\n\n            \n<style>\n#banner-605820196 {\n  padding-top: 99.99%;\n}\n@media (min-width:550px) {\n  #banner-605820196 {\n    padding-top: 130%;\n  }\n}\n<\/style>\n  <\/div>\n\n\n\t\t<\/div>\n\t\t\t\t\t<\/div>\n\n\t\n<\/div>\n\t\t<\/div>\n\n\t\t\n<style>\n#section_840405862 {\n  padding-top: 0px;\n  padding-bottom: 0px;\n  background-color: rgb(254 251 242);\n}\n<\/style>\n\t<\/section>\n\t\n\n\t<section class=\"section\" id=\"section_1015852276\">\n\t\t<div class=\"section-bg fill\" >\n\t\t\t\t\t\t\t\t\t\n\t\t\t\n\n\t\t<\/div>\n\n\t\t\n\n\t\t<div class=\"section-content relative\">\n\t\t\t\n<div class=\"row row-collapse row-full-width\"  id=\"row-1309630246\">\n\n\t<div id=\"col-974433810\" class=\"col small-12 large-12\"  >\n\t\t\t\t<div class=\"col-inner\"  >\n\t\t\t\n\t\t\t\n<h2>Relaterede varer<\/h2>\n\t\n  \n    <div class=\"row large-columns-4 medium-columns-3 small-columns-2 row-normal row-full-width slider row-slider slider-nav-reveal slider-nav-push\"  data-flickity-options='{&quot;imagesLoaded&quot;: true, &quot;groupCells&quot;: &quot;100%&quot;, &quot;dragThreshold&quot; : 5, &quot;cellAlign&quot;: &quot;left&quot;,&quot;wrapAround&quot;: true,&quot;prevNextButtons&quot;: true,&quot;percentPosition&quot;: true,&quot;pageDots&quot;: false, &quot;rightToLeft&quot;: false, &quot;autoPlay&quot; : false}' >\n\n  \n\t     <div class=\"product-small col has-hover product type-product post-15823 status-publish first instock product_cat-borde product_cat-sideborde product_tag-herman-studio-da product_tag-wood-da has-post-thumbnail taxable shipping-taxable purchasable product-type-simple\">\n\t<div class=\"col-inner\">\n\t<div class=\"lazy-container no-background\" style=\"background:rgb(237,231,226);\">\n<div class=\"badge-container absolute left top z-1\">\n\n<\/div>\n\t<div class=\"product-small box \">\n\t\t<div class=\"box-image\">\n\t\t\t<div class=\"image-none\">\n\t\t\t\t<a href=\"https:\/\/formandrefine.com\/da\/vare\/journal-side-table-oak\/\" aria-label=\"Journal Side Table, Oak\">\n\t\t\t\t\t<img loading=\"lazy\" decoding=\"async\" width=\"800\" height=\"800\" src=\"https:\/\/formandrefine.com\/wp-content\/uploads\/2023\/12\/Form-and-Refine_Jounal-side-table_Oak_Perspective-magazines-scaled-800x800.webp\" class=\"attachment-woocommerce_thumbnail size-woocommerce_thumbnail\" alt=\"\" srcset=\"https:\/\/formandrefine.com\/wp-content\/uploads\/2023\/12\/Form-and-Refine_Jounal-side-table_Oak_Perspective-magazines-scaled-800x800.webp 800w, https:\/\/formandrefine.com\/wp-content\/uploads\/2023\/12\/Form-and-Refine_Jounal-side-table_Oak_Perspective-magazines-scaled-100x100.webp 100w, https:\/\/formandrefine.com\/wp-content\/uploads\/2023\/12\/Form-and-Refine_Jounal-side-table_Oak_Perspective-magazines-scaled-1600x1600.webp 1600w, https:\/\/formandrefine.com\/wp-content\/uploads\/2023\/12\/Form-and-Refine_Jounal-side-table_Oak_Perspective-magazines-300x300.webp 300w, https:\/\/formandrefine.com\/wp-content\/uploads\/2023\/12\/Form-and-Refine_Jounal-side-table_Oak_Perspective-magazines-1024x1024.webp 1024w, https:\/\/formandrefine.com\/wp-content\/uploads\/2023\/12\/Form-and-Refine_Jounal-side-table_Oak_Perspective-magazines-150x150.webp 150w, https:\/\/formandrefine.com\/wp-content\/uploads\/2023\/12\/Form-and-Refine_Jounal-side-table_Oak_Perspective-magazines-768x768.webp 768w, https:\/\/formandrefine.com\/wp-content\/uploads\/2023\/12\/Form-and-Refine_Jounal-side-table_Oak_Perspective-magazines-1536x1536.webp 1536w, https:\/\/formandrefine.com\/wp-content\/uploads\/2023\/12\/Form-and-Refine_Jounal-side-table_Oak_Perspective-magazines-2048x2048.webp 2048w\" sizes=\"auto, (max-width: 800px) 100vw, 800px\" \/>\t\t\t\t<\/a>\n\t\t\t<\/div>\n\t\t\t<div class=\"image-tools is-small top right show-on-hover\">\n\t\t\t\t\t\t\t<\/div>\n\t\t\t<div class=\"image-tools is-small hide-for-small bottom left show-on-hover\">\n\t\t\t\t\t\t\t<\/div>\n\t\t\t<div class=\"image-tools grid-tools text-center hide-for-small bottom hover-slide-in show-on-hover\">\n\t\t\t\t<div class=\"contract-label\"><span>FSC<\/span><\/div>\t\t\t<\/div>\n\t\t\t\t\t<\/div>\n\n\t\t<div class=\"box-text box-text-products\">\n\t\t\t<\/div><div class=\"adt-hover-image\"><img loading=\"lazy\" decoding=\"async\" width=\"500\" height=\"500\" src=\"https:\/\/formandrefine.com\/wp-content\/uploads\/2024\/01\/Form-and-Refine_Living_Block-oak-grain_Jounal-sidetable-oak-kopier-768x768.webp\" class=\"attachment-500x500 size-500x500\" alt=\"\" srcset=\"https:\/\/formandrefine.com\/wp-content\/uploads\/2024\/01\/Form-and-Refine_Living_Block-oak-grain_Jounal-sidetable-oak-kopier-768x768.webp 768w, https:\/\/formandrefine.com\/wp-content\/uploads\/2024\/01\/Form-and-Refine_Living_Block-oak-grain_Jounal-sidetable-oak-kopier-scaled-800x800.webp 800w, https:\/\/formandrefine.com\/wp-content\/uploads\/2024\/01\/Form-and-Refine_Living_Block-oak-grain_Jounal-sidetable-oak-kopier-scaled-100x100.webp 100w, https:\/\/formandrefine.com\/wp-content\/uploads\/2024\/01\/Form-and-Refine_Living_Block-oak-grain_Jounal-sidetable-oak-kopier-scaled-1600x1600.webp 1600w, https:\/\/formandrefine.com\/wp-content\/uploads\/2024\/01\/Form-and-Refine_Living_Block-oak-grain_Jounal-sidetable-oak-kopier-300x300.webp 300w, https:\/\/formandrefine.com\/wp-content\/uploads\/2024\/01\/Form-and-Refine_Living_Block-oak-grain_Jounal-sidetable-oak-kopier-1024x1024.webp 1024w, https:\/\/formandrefine.com\/wp-content\/uploads\/2024\/01\/Form-and-Refine_Living_Block-oak-grain_Jounal-sidetable-oak-kopier-150x150.webp 150w, https:\/\/formandrefine.com\/wp-content\/uploads\/2024\/01\/Form-and-Refine_Living_Block-oak-grain_Jounal-sidetable-oak-kopier-1536x1536.webp 1536w, https:\/\/formandrefine.com\/wp-content\/uploads\/2024\/01\/Form-and-Refine_Living_Block-oak-grain_Jounal-sidetable-oak-kopier-2048x2048.webp 2048w\" sizes=\"auto, (max-width: 500px) 100vw, 500px\" \/><\/div><div class=\"title-wrapper\"><p class=\"name product-title woocommerce-loop-product__title\"><a href=\"https:\/\/formandrefine.com\/da\/vare\/journal-side-table-oak\/\" class=\"woocommerce-LoopProduct-link woocommerce-loop-product__link\">Journal Side Table<br><span class=\"adt-material-info\">Oak<\/span><\/a><\/p><\/div><div class=\"price-wrapper\">\n\t<span class=\"price\"><span class=\"woocommerce-Price-amount amount\"><bdi>3.095&nbsp;<span class=\"woocommerce-Price-currencySymbol\">kr.<\/span><\/bdi><\/span><\/span>\n<\/div>\t\t<\/div>\n\t<\/div>\n\t<span class=\"gtm4wp_productdata\" style=\"display:none; visibility:hidden;\" data-gtm4wp_product_data=\"{&quot;internal_id&quot;:15823,&quot;item_id&quot;:15823,&quot;item_name&quot;:&quot;Journal Side Table, Oak&quot;,&quot;sku&quot;:&quot;1500&quot;,&quot;price&quot;:3095,&quot;stocklevel&quot;:null,&quot;stockstatus&quot;:&quot;instock&quot;,&quot;google_business_vertical&quot;:&quot;retail&quot;,&quot;item_category&quot;:&quot;Sideborde&quot;,&quot;id&quot;:15823,&quot;productlink&quot;:&quot;https:\\\/\\\/formandrefine.com\\\/da\\\/vare\\\/journal-side-table-oak\\\/&quot;,&quot;item_list_name&quot;:&quot;General Product List&quot;,&quot;index&quot;:1,&quot;product_type&quot;:&quot;simple&quot;,&quot;item_brand&quot;:&quot;&quot;}\"><\/span>\t<\/div>\n<\/div><div class=\"product-small col has-hover product type-product post-16041 status-publish instock product_cat-loungestole product_cat-stole-skamler product_tag-herman-studio-da product_tag-wood-da has-post-thumbnail taxable shipping-taxable purchasable product-type-simple\">\n\t<div class=\"col-inner\">\n\t<div class=\"lazy-container no-background\" style=\"background:rgb(237,231,226);\">\n<div class=\"badge-container absolute left top z-1\">\n\n<\/div>\n\t<div class=\"product-small box \">\n\t\t<div class=\"box-image\">\n\t\t\t<div class=\"image-none\">\n\t\t\t\t<a href=\"https:\/\/formandrefine.com\/da\/vare\/block-lounge-chair-oak-hallingdal\/\" aria-label=\"Block Lounge Chair, Oak Hallingdal\">\n\t\t\t\t\t<img loading=\"lazy\" decoding=\"async\" width=\"800\" height=\"800\" src=\"https:\/\/formandrefine.com\/wp-content\/uploads\/2023\/12\/1Form-and-Refine_Block-Lounge-Chair_Oak_Hallingdal_Front-scaled-800x800.webp\" class=\"attachment-woocommerce_thumbnail size-woocommerce_thumbnail\" alt=\"\" srcset=\"https:\/\/formandrefine.com\/wp-content\/uploads\/2023\/12\/1Form-and-Refine_Block-Lounge-Chair_Oak_Hallingdal_Front-scaled-800x800.webp 800w, https:\/\/formandrefine.com\/wp-content\/uploads\/2023\/12\/1Form-and-Refine_Block-Lounge-Chair_Oak_Hallingdal_Front-scaled-100x100.webp 100w, https:\/\/formandrefine.com\/wp-content\/uploads\/2023\/12\/1Form-and-Refine_Block-Lounge-Chair_Oak_Hallingdal_Front-scaled-1600x1600.webp 1600w, https:\/\/formandrefine.com\/wp-content\/uploads\/2023\/12\/1Form-and-Refine_Block-Lounge-Chair_Oak_Hallingdal_Front-300x300.webp 300w, https:\/\/formandrefine.com\/wp-content\/uploads\/2023\/12\/1Form-and-Refine_Block-Lounge-Chair_Oak_Hallingdal_Front-1024x1024.webp 1024w, https:\/\/formandrefine.com\/wp-content\/uploads\/2023\/12\/1Form-and-Refine_Block-Lounge-Chair_Oak_Hallingdal_Front-150x150.webp 150w, https:\/\/formandrefine.com\/wp-content\/uploads\/2023\/12\/1Form-and-Refine_Block-Lounge-Chair_Oak_Hallingdal_Front-768x768.webp 768w, https:\/\/formandrefine.com\/wp-content\/uploads\/2023\/12\/1Form-and-Refine_Block-Lounge-Chair_Oak_Hallingdal_Front-1536x1536.webp 1536w, https:\/\/formandrefine.com\/wp-content\/uploads\/2023\/12\/1Form-and-Refine_Block-Lounge-Chair_Oak_Hallingdal_Front-2048x2048.webp 2048w\" sizes=\"auto, (max-width: 800px) 100vw, 800px\" \/>\t\t\t\t<\/a>\n\t\t\t<\/div>\n\t\t\t<div class=\"image-tools is-small top right show-on-hover\">\n\t\t\t\t\t\t\t<\/div>\n\t\t\t<div class=\"image-tools is-small hide-for-small bottom left show-on-hover\">\n\t\t\t\t\t\t\t<\/div>\n\t\t\t<div class=\"image-tools grid-tools text-center hide-for-small bottom hover-slide-in show-on-hover\">\n\t\t\t\t<div class=\"contract-label\"><span>FSC<\/span><\/div>\t\t\t<\/div>\n\t\t\t\t\t<\/div>\n\n\t\t<div class=\"box-text box-text-products\">\n\t\t\t<\/div><div class=\"adt-hover-image\"><img loading=\"lazy\" decoding=\"async\" width=\"500\" height=\"500\" src=\"https:\/\/formandrefine.com\/wp-content\/uploads\/2023\/12\/Form-and-Refine_Living_Block-oak-hallingdal_detail_545x700-scaled-800x800.webp\" class=\"attachment-500x500 size-500x500\" alt=\"\" srcset=\"https:\/\/formandrefine.com\/wp-content\/uploads\/2023\/12\/Form-and-Refine_Living_Block-oak-hallingdal_detail_545x700-scaled-800x800.webp 800w, https:\/\/formandrefine.com\/wp-content\/uploads\/2023\/12\/Form-and-Refine_Living_Block-oak-hallingdal_detail_545x700-scaled-100x100.webp 100w, https:\/\/formandrefine.com\/wp-content\/uploads\/2023\/12\/Form-and-Refine_Living_Block-oak-hallingdal_detail_545x700-150x150.webp 150w\" sizes=\"auto, (max-width: 500px) 100vw, 500px\" \/><\/div><div class=\"title-wrapper\"><p class=\"name product-title woocommerce-loop-product__title\"><a href=\"https:\/\/formandrefine.com\/da\/vare\/block-lounge-chair-oak-hallingdal\/\" class=\"woocommerce-LoopProduct-link woocommerce-loop-product__link\">Block Lounge Chair<br><span class=\"adt-material-info\">Oak Hallingdal<\/span><\/a><\/p><\/div><div class=\"price-wrapper\">\n\t<span class=\"price\"><span class=\"woocommerce-Price-amount amount\"><bdi>14.995&nbsp;<span class=\"woocommerce-Price-currencySymbol\">kr.<\/span><\/bdi><\/span><\/span>\n<\/div>\t\t<\/div>\n\t<\/div>\n\t<span class=\"gtm4wp_productdata\" style=\"display:none; visibility:hidden;\" data-gtm4wp_product_data=\"{&quot;internal_id&quot;:16041,&quot;item_id&quot;:16041,&quot;item_name&quot;:&quot;Block Lounge Chair, Oak Hallingdal&quot;,&quot;sku&quot;:&quot;1205&quot;,&quot;price&quot;:14995,&quot;stocklevel&quot;:null,&quot;stockstatus&quot;:&quot;instock&quot;,&quot;google_business_vertical&quot;:&quot;retail&quot;,&quot;item_category&quot;:&quot;Loungestole&quot;,&quot;id&quot;:16041,&quot;productlink&quot;:&quot;https:\\\/\\\/formandrefine.com\\\/da\\\/vare\\\/block-lounge-chair-oak-hallingdal\\\/&quot;,&quot;item_list_name&quot;:&quot;General Product List&quot;,&quot;index&quot;:2,&quot;product_type&quot;:&quot;simple&quot;,&quot;item_brand&quot;:&quot;&quot;}\"><\/span>\t<\/div>\n<\/div><div class=\"product-small col has-hover product type-product post-24282 status-publish instock product_cat-loungestole product_cat-nyheder product_cat-stole-skamler product_tag-herman-studio-da product_tag-wood-da has-post-thumbnail taxable shipping-taxable purchasable product-type-simple\">\n\t<div class=\"col-inner\">\n\t<div class=\"lazy-container no-background\" style=\"background:rgb(237,231,226);\">\n<div class=\"badge-container absolute left top z-1\">\n\n<\/div>\n\t<div class=\"product-small box \">\n\t\t<div class=\"box-image\">\n\t\t\t<div class=\"image-none\">\n\t\t\t\t<a href=\"https:\/\/formandrefine.com\/da\/vare\/icon-lounge-chair-deep-brown-pine\/\" aria-label=\"Icon Lounge Chair, Deep Brown Pine\">\n\t\t\t\t\t<img loading=\"lazy\" decoding=\"async\" width=\"800\" height=\"800\" src=\"https:\/\/formandrefine.com\/wp-content\/uploads\/2025\/12\/Form-and-Refine_Icon-Lounge-Chair_Deep-Brown_Pine_Front_Perspective-800x800.webp\" class=\"attachment-woocommerce_thumbnail size-woocommerce_thumbnail\" alt=\"\" srcset=\"https:\/\/formandrefine.com\/wp-content\/uploads\/2025\/12\/Form-and-Refine_Icon-Lounge-Chair_Deep-Brown_Pine_Front_Perspective-800x800.webp 800w, https:\/\/formandrefine.com\/wp-content\/uploads\/2025\/12\/Form-and-Refine_Icon-Lounge-Chair_Deep-Brown_Pine_Front_Perspective-100x100.webp 100w, https:\/\/formandrefine.com\/wp-content\/uploads\/2025\/12\/Form-and-Refine_Icon-Lounge-Chair_Deep-Brown_Pine_Front_Perspective-1600x1600.webp 1600w, https:\/\/formandrefine.com\/wp-content\/uploads\/2025\/12\/Form-and-Refine_Icon-Lounge-Chair_Deep-Brown_Pine_Front_Perspective-300x300.webp 300w, https:\/\/formandrefine.com\/wp-content\/uploads\/2025\/12\/Form-and-Refine_Icon-Lounge-Chair_Deep-Brown_Pine_Front_Perspective-1024x1024.webp 1024w, https:\/\/formandrefine.com\/wp-content\/uploads\/2025\/12\/Form-and-Refine_Icon-Lounge-Chair_Deep-Brown_Pine_Front_Perspective-150x150.webp 150w, https:\/\/formandrefine.com\/wp-content\/uploads\/2025\/12\/Form-and-Refine_Icon-Lounge-Chair_Deep-Brown_Pine_Front_Perspective-768x768.webp 768w, https:\/\/formandrefine.com\/wp-content\/uploads\/2025\/12\/Form-and-Refine_Icon-Lounge-Chair_Deep-Brown_Pine_Front_Perspective-1536x1536.webp 1536w, https:\/\/formandrefine.com\/wp-content\/uploads\/2025\/12\/Form-and-Refine_Icon-Lounge-Chair_Deep-Brown_Pine_Front_Perspective-60x60.webp 60w, https:\/\/formandrefine.com\/wp-content\/uploads\/2025\/12\/Form-and-Refine_Icon-Lounge-Chair_Deep-Brown_Pine_Front_Perspective-90x90.webp 90w, https:\/\/formandrefine.com\/wp-content\/uploads\/2025\/12\/Form-and-Refine_Icon-Lounge-Chair_Deep-Brown_Pine_Front_Perspective-400x400.webp 400w, https:\/\/formandrefine.com\/wp-content\/uploads\/2025\/12\/Form-and-Refine_Icon-Lounge-Chair_Deep-Brown_Pine_Front_Perspective-600x600.webp 600w, https:\/\/formandrefine.com\/wp-content\/uploads\/2025\/12\/Form-and-Refine_Icon-Lounge-Chair_Deep-Brown_Pine_Front_Perspective.webp 1920w\" sizes=\"auto, (max-width: 800px) 100vw, 800px\" \/>\t\t\t\t<\/a>\n\t\t\t<\/div>\n\t\t\t<div class=\"image-tools is-small top right show-on-hover\">\n\t\t\t\t\t\t\t<\/div>\n\t\t\t<div class=\"image-tools is-small hide-for-small bottom left show-on-hover\">\n\t\t\t\t\t\t\t<\/div>\n\t\t\t<div class=\"image-tools grid-tools text-center hide-for-small bottom hover-slide-in show-on-hover\">\n\t\t\t\t<div class=\"contract-label\"><span>FSC<\/span><\/div>\t\t\t<\/div>\n\t\t\t\t\t<\/div>\n\n\t\t<div class=\"box-text box-text-products\">\n\t\t\t<\/div><div class=\"adt-hover-image\"><img loading=\"lazy\" decoding=\"async\" width=\"500\" height=\"500\" src=\"https:\/\/formandrefine.com\/wp-content\/uploads\/2025\/12\/Form-and-Refine_Living_Icon-loungechair-brown_Hoover-510x510.webp\" class=\"attachment-500x500 size-500x500\" alt=\"\" srcset=\"https:\/\/formandrefine.com\/wp-content\/uploads\/2025\/12\/Form-and-Refine_Living_Icon-loungechair-brown_Hoover-510x510.webp 510w, https:\/\/formandrefine.com\/wp-content\/uploads\/2025\/12\/Form-and-Refine_Living_Icon-loungechair-brown_Hoover-800x800.webp 800w, https:\/\/formandrefine.com\/wp-content\/uploads\/2025\/12\/Form-and-Refine_Living_Icon-loungechair-brown_Hoover-100x100.webp 100w, https:\/\/formandrefine.com\/wp-content\/uploads\/2025\/12\/Form-and-Refine_Living_Icon-loungechair-brown_Hoover-300x300.webp 300w, https:\/\/formandrefine.com\/wp-content\/uploads\/2025\/12\/Form-and-Refine_Living_Icon-loungechair-brown_Hoover-1024x1024.webp 1024w, https:\/\/formandrefine.com\/wp-content\/uploads\/2025\/12\/Form-and-Refine_Living_Icon-loungechair-brown_Hoover-150x150.webp 150w, https:\/\/formandrefine.com\/wp-content\/uploads\/2025\/12\/Form-and-Refine_Living_Icon-loungechair-brown_Hoover-768x768.webp 768w, https:\/\/formandrefine.com\/wp-content\/uploads\/2025\/12\/Form-and-Refine_Living_Icon-loungechair-brown_Hoover-60x60.webp 60w, https:\/\/formandrefine.com\/wp-content\/uploads\/2025\/12\/Form-and-Refine_Living_Icon-loungechair-brown_Hoover-90x90.webp 90w, https:\/\/formandrefine.com\/wp-content\/uploads\/2025\/12\/Form-and-Refine_Living_Icon-loungechair-brown_Hoover-400x400.webp 400w, https:\/\/formandrefine.com\/wp-content\/uploads\/2025\/12\/Form-and-Refine_Living_Icon-loungechair-brown_Hoover-600x600.webp 600w, https:\/\/formandrefine.com\/wp-content\/uploads\/2025\/12\/Form-and-Refine_Living_Icon-loungechair-brown_Hoover.webp 1334w\" sizes=\"auto, (max-width: 500px) 100vw, 500px\" \/><\/div><div class=\"title-wrapper\"><p class=\"name product-title woocommerce-loop-product__title\"><a href=\"https:\/\/formandrefine.com\/da\/vare\/icon-lounge-chair-deep-brown-pine\/\" class=\"woocommerce-LoopProduct-link woocommerce-loop-product__link\">Icon Lounge Chair<br><span class=\"adt-material-info\">Deep Brown Pine<\/span><\/a><\/p><\/div><div class=\"price-wrapper\">\n\t<span class=\"price\"><span class=\"woocommerce-Price-amount amount\"><bdi>10.995&nbsp;<span class=\"woocommerce-Price-currencySymbol\">kr.<\/span><\/bdi><\/span><\/span>\n<\/div>\t\t<\/div>\n\t<\/div>\n\t<span class=\"gtm4wp_productdata\" style=\"display:none; visibility:hidden;\" data-gtm4wp_product_data=\"{&quot;internal_id&quot;:24282,&quot;item_id&quot;:24282,&quot;item_name&quot;:&quot;Icon Lounge Chair, Deep Brown Pine&quot;,&quot;sku&quot;:&quot;6205&quot;,&quot;price&quot;:10995,&quot;stocklevel&quot;:null,&quot;stockstatus&quot;:&quot;instock&quot;,&quot;google_business_vertical&quot;:&quot;retail&quot;,&quot;item_category&quot;:&quot;Loungestole&quot;,&quot;id&quot;:24282,&quot;productlink&quot;:&quot;https:\\\/\\\/formandrefine.com\\\/da\\\/vare\\\/icon-lounge-chair-deep-brown-pine\\\/&quot;,&quot;item_list_name&quot;:&quot;General Product List&quot;,&quot;index&quot;:3,&quot;product_type&quot;:&quot;simple&quot;,&quot;item_brand&quot;:&quot;&quot;}\"><\/span>\t<\/div>\n<\/div><div class=\"product-small col has-hover product type-product post-24215 status-publish last instock product_cat-loungestole product_cat-nyheder product_cat-stole-skamler product_tag-herman-studio-da product_tag-wood-da has-post-thumbnail taxable shipping-taxable purchasable product-type-simple\">\n\t<div class=\"col-inner\">\n\t<div class=\"lazy-container no-background\" style=\"background:rgb(237,231,226);\">\n<div class=\"badge-container absolute left top z-1\">\n\n<\/div>\n\t<div class=\"product-small box \">\n\t\t<div class=\"box-image\">\n\t\t\t<div class=\"image-none\">\n\t\t\t\t<a href=\"https:\/\/formandrefine.com\/da\/vare\/icon-lounge-chair-pine\/\" aria-label=\"Icon Lounge Chair, Pine\">\n\t\t\t\t\t<img loading=\"lazy\" decoding=\"async\" width=\"800\" height=\"800\" src=\"https:\/\/formandrefine.com\/wp-content\/uploads\/2025\/12\/Form-and-Refine_Icon-Lounge-Chair_Pine_Front_Perspective-800x800.webp\" class=\"attachment-woocommerce_thumbnail size-woocommerce_thumbnail\" alt=\"\" srcset=\"https:\/\/formandrefine.com\/wp-content\/uploads\/2025\/12\/Form-and-Refine_Icon-Lounge-Chair_Pine_Front_Perspective-800x800.webp 800w, https:\/\/formandrefine.com\/wp-content\/uploads\/2025\/12\/Form-and-Refine_Icon-Lounge-Chair_Pine_Front_Perspective-100x100.webp 100w, https:\/\/formandrefine.com\/wp-content\/uploads\/2025\/12\/Form-and-Refine_Icon-Lounge-Chair_Pine_Front_Perspective-1600x1600.webp 1600w, https:\/\/formandrefine.com\/wp-content\/uploads\/2025\/12\/Form-and-Refine_Icon-Lounge-Chair_Pine_Front_Perspective-300x300.webp 300w, https:\/\/formandrefine.com\/wp-content\/uploads\/2025\/12\/Form-and-Refine_Icon-Lounge-Chair_Pine_Front_Perspective-1024x1024.webp 1024w, https:\/\/formandrefine.com\/wp-content\/uploads\/2025\/12\/Form-and-Refine_Icon-Lounge-Chair_Pine_Front_Perspective-150x150.webp 150w, https:\/\/formandrefine.com\/wp-content\/uploads\/2025\/12\/Form-and-Refine_Icon-Lounge-Chair_Pine_Front_Perspective-768x768.webp 768w, https:\/\/formandrefine.com\/wp-content\/uploads\/2025\/12\/Form-and-Refine_Icon-Lounge-Chair_Pine_Front_Perspective-1536x1536.webp 1536w, https:\/\/formandrefine.com\/wp-content\/uploads\/2025\/12\/Form-and-Refine_Icon-Lounge-Chair_Pine_Front_Perspective-60x60.webp 60w, https:\/\/formandrefine.com\/wp-content\/uploads\/2025\/12\/Form-and-Refine_Icon-Lounge-Chair_Pine_Front_Perspective-90x90.webp 90w, https:\/\/formandrefine.com\/wp-content\/uploads\/2025\/12\/Form-and-Refine_Icon-Lounge-Chair_Pine_Front_Perspective-400x400.webp 400w, https:\/\/formandrefine.com\/wp-content\/uploads\/2025\/12\/Form-and-Refine_Icon-Lounge-Chair_Pine_Front_Perspective-600x600.webp 600w, https:\/\/formandrefine.com\/wp-content\/uploads\/2025\/12\/Form-and-Refine_Icon-Lounge-Chair_Pine_Front_Perspective.webp 1920w\" sizes=\"auto, (max-width: 800px) 100vw, 800px\" \/>\t\t\t\t<\/a>\n\t\t\t<\/div>\n\t\t\t<div class=\"image-tools is-small top right show-on-hover\">\n\t\t\t\t\t\t\t<\/div>\n\t\t\t<div class=\"image-tools is-small hide-for-small bottom left show-on-hover\">\n\t\t\t\t\t\t\t<\/div>\n\t\t\t<div class=\"image-tools grid-tools text-center hide-for-small bottom hover-slide-in show-on-hover\">\n\t\t\t\t<div class=\"contract-label\"><span>FSC<\/span><\/div>\t\t\t<\/div>\n\t\t\t\t\t<\/div>\n\n\t\t<div class=\"box-text box-text-products\">\n\t\t\t<\/div><div class=\"adt-hover-image\"><img loading=\"lazy\" decoding=\"async\" width=\"500\" height=\"500\" src=\"https:\/\/formandrefine.com\/wp-content\/uploads\/2025\/12\/Form-and-Refine_Living_Icon-loungechair-pine_Hoover-600x600.webp\" class=\"attachment-500x500 size-500x500\" alt=\"\" srcset=\"https:\/\/formandrefine.com\/wp-content\/uploads\/2025\/12\/Form-and-Refine_Living_Icon-loungechair-pine_Hoover-600x600.webp 600w, https:\/\/formandrefine.com\/wp-content\/uploads\/2025\/12\/Form-and-Refine_Living_Icon-loungechair-pine_Hoover-800x800.webp 800w, https:\/\/formandrefine.com\/wp-content\/uploads\/2025\/12\/Form-and-Refine_Living_Icon-loungechair-pine_Hoover-100x100.webp 100w, https:\/\/formandrefine.com\/wp-content\/uploads\/2025\/12\/Form-and-Refine_Living_Icon-loungechair-pine_Hoover-1600x1600.webp 1600w, https:\/\/formandrefine.com\/wp-content\/uploads\/2025\/12\/Form-and-Refine_Living_Icon-loungechair-pine_Hoover-300x300.webp 300w, https:\/\/formandrefine.com\/wp-content\/uploads\/2025\/12\/Form-and-Refine_Living_Icon-loungechair-pine_Hoover-1024x1024.webp 1024w, https:\/\/formandrefine.com\/wp-content\/uploads\/2025\/12\/Form-and-Refine_Living_Icon-loungechair-pine_Hoover-150x150.webp 150w, https:\/\/formandrefine.com\/wp-content\/uploads\/2025\/12\/Form-and-Refine_Living_Icon-loungechair-pine_Hoover-768x768.webp 768w, https:\/\/formandrefine.com\/wp-content\/uploads\/2025\/12\/Form-and-Refine_Living_Icon-loungechair-pine_Hoover-1536x1536.webp 1536w, https:\/\/formandrefine.com\/wp-content\/uploads\/2025\/12\/Form-and-Refine_Living_Icon-loungechair-pine_Hoover-60x60.webp 60w, https:\/\/formandrefine.com\/wp-content\/uploads\/2025\/12\/Form-and-Refine_Living_Icon-loungechair-pine_Hoover-90x90.webp 90w, https:\/\/formandrefine.com\/wp-content\/uploads\/2025\/12\/Form-and-Refine_Living_Icon-loungechair-pine_Hoover-400x400.webp 400w, https:\/\/formandrefine.com\/wp-content\/uploads\/2025\/12\/Form-and-Refine_Living_Icon-loungechair-pine_Hoover.webp 1920w\" sizes=\"auto, (max-width: 500px) 100vw, 500px\" \/><\/div><div class=\"title-wrapper\"><p class=\"name product-title woocommerce-loop-product__title\"><a href=\"https:\/\/formandrefine.com\/da\/vare\/icon-lounge-chair-pine\/\" class=\"woocommerce-LoopProduct-link woocommerce-loop-product__link\">Icon Lounge Chair<br><span class=\"adt-material-info\">Pine<\/span><\/a><\/p><\/div><div class=\"price-wrapper\">\n\t<span class=\"price\"><span class=\"woocommerce-Price-amount amount\"><bdi>10.995&nbsp;<span class=\"woocommerce-Price-currencySymbol\">kr.<\/span><\/bdi><\/span><\/span>\n<\/div>\t\t<\/div>\n\t<\/div>\n\t<span class=\"gtm4wp_productdata\" style=\"display:none; visibility:hidden;\" data-gtm4wp_product_data=\"{&quot;internal_id&quot;:24215,&quot;item_id&quot;:24215,&quot;item_name&quot;:&quot;Icon Lounge Chair, Pine&quot;,&quot;sku&quot;:&quot;6200&quot;,&quot;price&quot;:10995,&quot;stocklevel&quot;:null,&quot;stockstatus&quot;:&quot;instock&quot;,&quot;google_business_vertical&quot;:&quot;retail&quot;,&quot;item_category&quot;:&quot;Loungestole&quot;,&quot;id&quot;:24215,&quot;productlink&quot;:&quot;https:\\\/\\\/formandrefine.com\\\/da\\\/vare\\\/icon-lounge-chair-pine\\\/&quot;,&quot;item_list_name&quot;:&quot;General Product List&quot;,&quot;index&quot;:4,&quot;product_type&quot;:&quot;simple&quot;,&quot;item_brand&quot;:&quot;&quot;}\"><\/span>\t<\/div>\n<\/div><div class=\"product-small col has-hover product type-product post-16590 status-publish first instock product_cat-badevaerelse product_cat-koekken product_cat-nyheder product_cat-objekter-da product_cat-opbevaring-reoler product_cat-reoler product_tag-herman-studio-da product_tag-steel-da has-post-thumbnail taxable shipping-taxable purchasable product-type-simple\">\n\t<div class=\"col-inner\">\n\t<div class=\"lazy-container no-background\" style=\"background:rgb(237,231,226);\">\n<div class=\"badge-container absolute left top z-1\">\n\n<\/div>\n\t<div class=\"product-small box \">\n\t\t<div class=\"box-image\">\n\t\t\t<div class=\"image-none\">\n\t\t\t\t<a href=\"https:\/\/formandrefine.com\/da\/vare\/taper-case-40x66\/\" aria-label=\"Taper Case, 40x66\">\n\t\t\t\t\t<img loading=\"lazy\" decoding=\"async\" width=\"800\" height=\"800\" src=\"https:\/\/formandrefine.com\/wp-content\/uploads\/2023\/12\/1Form-and-Refine_Taper-shelf_Front-scaled-800x800.webp\" class=\"attachment-woocommerce_thumbnail size-woocommerce_thumbnail\" alt=\"\" srcset=\"https:\/\/formandrefine.com\/wp-content\/uploads\/2023\/12\/1Form-and-Refine_Taper-shelf_Front-scaled-800x800.webp 800w, https:\/\/formandrefine.com\/wp-content\/uploads\/2023\/12\/1Form-and-Refine_Taper-shelf_Front-scaled-100x100.webp 100w, https:\/\/formandrefine.com\/wp-content\/uploads\/2023\/12\/1Form-and-Refine_Taper-shelf_Front-scaled-1600x1600.webp 1600w, https:\/\/formandrefine.com\/wp-content\/uploads\/2023\/12\/1Form-and-Refine_Taper-shelf_Front-300x300.webp 300w, https:\/\/formandrefine.com\/wp-content\/uploads\/2023\/12\/1Form-and-Refine_Taper-shelf_Front-1024x1024.webp 1024w, https:\/\/formandrefine.com\/wp-content\/uploads\/2023\/12\/1Form-and-Refine_Taper-shelf_Front-150x150.webp 150w, https:\/\/formandrefine.com\/wp-content\/uploads\/2023\/12\/1Form-and-Refine_Taper-shelf_Front-768x768.webp 768w, https:\/\/formandrefine.com\/wp-content\/uploads\/2023\/12\/1Form-and-Refine_Taper-shelf_Front-1536x1536.webp 1536w, https:\/\/formandrefine.com\/wp-content\/uploads\/2023\/12\/1Form-and-Refine_Taper-shelf_Front-2048x2048.webp 2048w\" sizes=\"auto, (max-width: 800px) 100vw, 800px\" \/>\t\t\t\t<\/a>\n\t\t\t<\/div>\n\t\t\t<div class=\"image-tools is-small top right show-on-hover\">\n\t\t\t\t\t\t\t<\/div>\n\t\t\t<div class=\"image-tools is-small hide-for-small bottom left show-on-hover\">\n\t\t\t\t\t\t\t<\/div>\n\t\t\t<div class=\"image-tools grid-tools text-center hide-for-small bottom hover-slide-in show-on-hover\">\n\t\t\t\t\t\t\t<\/div>\n\t\t\t\t\t<\/div>\n\n\t\t<div class=\"box-text box-text-products\">\n\t\t\t<\/div><div class=\"adt-hover-image\"><img loading=\"lazy\" decoding=\"async\" width=\"500\" height=\"500\" src=\"https:\/\/formandrefine.com\/wp-content\/uploads\/2023\/12\/Form-and-Refine_Kitchen_Taper-Shelf_Trefoil_white-oak_Blueprint-oak_Pinho-glass_hoover-1-600x600.webp\" class=\"attachment-500x500 size-500x500\" alt=\"\" srcset=\"https:\/\/formandrefine.com\/wp-content\/uploads\/2023\/12\/Form-and-Refine_Kitchen_Taper-Shelf_Trefoil_white-oak_Blueprint-oak_Pinho-glass_hoover-1-600x600.webp 600w, https:\/\/formandrefine.com\/wp-content\/uploads\/2023\/12\/Form-and-Refine_Kitchen_Taper-Shelf_Trefoil_white-oak_Blueprint-oak_Pinho-glass_hoover-1-800x800.webp 800w, https:\/\/formandrefine.com\/wp-content\/uploads\/2023\/12\/Form-and-Refine_Kitchen_Taper-Shelf_Trefoil_white-oak_Blueprint-oak_Pinho-glass_hoover-1-100x100.webp 100w, https:\/\/formandrefine.com\/wp-content\/uploads\/2023\/12\/Form-and-Refine_Kitchen_Taper-Shelf_Trefoil_white-oak_Blueprint-oak_Pinho-glass_hoover-1-1600x1600.webp 1600w, https:\/\/formandrefine.com\/wp-content\/uploads\/2023\/12\/Form-and-Refine_Kitchen_Taper-Shelf_Trefoil_white-oak_Blueprint-oak_Pinho-glass_hoover-1-300x300.webp 300w, https:\/\/formandrefine.com\/wp-content\/uploads\/2023\/12\/Form-and-Refine_Kitchen_Taper-Shelf_Trefoil_white-oak_Blueprint-oak_Pinho-glass_hoover-1-1024x1024.webp 1024w, https:\/\/formandrefine.com\/wp-content\/uploads\/2023\/12\/Form-and-Refine_Kitchen_Taper-Shelf_Trefoil_white-oak_Blueprint-oak_Pinho-glass_hoover-1-150x150.webp 150w, https:\/\/formandrefine.com\/wp-content\/uploads\/2023\/12\/Form-and-Refine_Kitchen_Taper-Shelf_Trefoil_white-oak_Blueprint-oak_Pinho-glass_hoover-1-768x768.webp 768w, https:\/\/formandrefine.com\/wp-content\/uploads\/2023\/12\/Form-and-Refine_Kitchen_Taper-Shelf_Trefoil_white-oak_Blueprint-oak_Pinho-glass_hoover-1-1536x1536.webp 1536w, https:\/\/formandrefine.com\/wp-content\/uploads\/2023\/12\/Form-and-Refine_Kitchen_Taper-Shelf_Trefoil_white-oak_Blueprint-oak_Pinho-glass_hoover-1-60x60.webp 60w, https:\/\/formandrefine.com\/wp-content\/uploads\/2023\/12\/Form-and-Refine_Kitchen_Taper-Shelf_Trefoil_white-oak_Blueprint-oak_Pinho-glass_hoover-1-90x90.webp 90w, https:\/\/formandrefine.com\/wp-content\/uploads\/2023\/12\/Form-and-Refine_Kitchen_Taper-Shelf_Trefoil_white-oak_Blueprint-oak_Pinho-glass_hoover-1-400x400.webp 400w, https:\/\/formandrefine.com\/wp-content\/uploads\/2023\/12\/Form-and-Refine_Kitchen_Taper-Shelf_Trefoil_white-oak_Blueprint-oak_Pinho-glass_hoover-1.webp 1920w\" sizes=\"auto, (max-width: 500px) 100vw, 500px\" \/><\/div><div class=\"title-wrapper\"><p class=\"name product-title woocommerce-loop-product__title\"><a href=\"https:\/\/formandrefine.com\/da\/vare\/taper-case-40x66\/\" class=\"woocommerce-LoopProduct-link woocommerce-loop-product__link\">Taper Case<br><span class=\"adt-material-info\">40&#215;66<\/span><\/a><\/p><\/div><div class=\"price-wrapper\">\n\t<span class=\"price\"><span class=\"woocommerce-Price-amount amount\"><bdi>3.500&nbsp;<span class=\"woocommerce-Price-currencySymbol\">kr.<\/span><\/bdi><\/span><\/span>\n<\/div>\t\t<\/div>\n\t<\/div>\n\t<span class=\"gtm4wp_productdata\" style=\"display:none; visibility:hidden;\" data-gtm4wp_product_data=\"{&quot;internal_id&quot;:16590,&quot;item_id&quot;:16590,&quot;item_name&quot;:&quot;Taper Case, 40x66&quot;,&quot;sku&quot;:&quot;2800&quot;,&quot;price&quot;:3500,&quot;stocklevel&quot;:null,&quot;stockstatus&quot;:&quot;instock&quot;,&quot;google_business_vertical&quot;:&quot;retail&quot;,&quot;item_category&quot;:&quot;Badev\\u00e6relse&quot;,&quot;id&quot;:16590,&quot;productlink&quot;:&quot;https:\\\/\\\/formandrefine.com\\\/da\\\/vare\\\/taper-case-40x66\\\/&quot;,&quot;item_list_name&quot;:&quot;General Product List&quot;,&quot;index&quot;:5,&quot;product_type&quot;:&quot;simple&quot;,&quot;item_brand&quot;:&quot;&quot;}\"><\/span>\t<\/div>\n<\/div><\/div>\n\t\t<\/div>\n\t\t\t\t\t<\/div>\n\n\t\n<\/div>\n<div class=\"is-divider divider clearfix\" style=\"margin-top:0px;margin-bottom:0px;max-width:4000px;height:1px;\"><\/div>\n\t\t<\/div>\n\n\t\t\n<style>\n#section_1015852276 {\n  padding-top: 30px;\n  padding-bottom: 30px;\n}\n<\/style>\n\t<\/section>\n\t\n","protected":false},"excerpt":{"rendered":"<div class=\"ewa-rteLine\">\n<div class=\"ewa-rteLine\">En kompakt polstret l\u00e6nestol med et markant sidepanel i tr\u00e6 og delikat tekstilbetr\u00e6k, som kombinerer rene, slidst\u00e6rke materialer og bl\u00f8de ergonomiske former. Stolen er t\u00e6nkt som et fleksibelt m\u00f8bel med gener\u00f8s siddekomfort trods sin minimale st\u00f8rrelse. Det uds\u00f8gte tekstil har synlige syninger p\u00e5 for- og bagkanten af s\u00e6det. Block Lounge Chair er velegnet til b\u00e5de sm\u00e5 lokaler og store, \u00e5bne rum. Form &amp; Refine og Herman Studio skabte sammen Block Lounge Chair til Snedkernes Efter\u00e5rsudstilling i 2022 i K\u00f8benhavn. Zero-tekstilet er et elegant og uj\u00e6vnt boucl\u00e9 m\u00f8belstof. Brugen af det noprede garn som b\u00e5de trend og isl\u00e6t skaber en tiltalende stoflighed og et raffineret udtryk. M\u00f8nstret har en unik, kontrastrig \u201dsalt og peber\u201d-effekt. Tekstilet Zero, 004, er udviklet i partnerskab med Kvadrat.<\/div>\n<\/div>\n<div class=\"ewa-rteLine\"><\/div>\n","protected":false},"featured_media":16113,"template":"","meta":{"_acf_changed":false},"product_brand":[],"product_cat":[62,184],"product_tag":[63,64],"class_list":{"0":"post-16111","1":"product","2":"type-product","3":"status-publish","4":"has-post-thumbnail","6":"product_cat-stole-skamler","7":"product_cat-loungestole","8":"product_tag-herman-studio-da","9":"product_tag-wood-da","11":"","12":"instock","13":"taxable","14":"shipping-taxable","15":"purchasable","16":"product-type-simple"},"acf":[],"yoast_head":"<!-- This site is optimized with the Yoast SEO plugin v25.9 - https:\/\/yoast.com\/wordpress\/plugins\/seo\/ -->\n<title>Block lounge stol | Samarbejde med Kvadrat<\/title>\n<meta name=\"description\" content=\"Block Lounge Chair af Form &amp; Refine i samarbejde med Kvadrat. \u2713 Skandinavisk design, h\u00f8j komfort. Ideel til dit hjem.\" \/>\n<meta name=\"robots\" content=\"index, follow, max-snippet:-1, max-image-preview:large, max-video-preview:-1\" \/>\n<link rel=\"canonical\" href=\"https:\/\/formandrefine.com\/da\/vare\/block-lounge-chair-oak-zero\/\" \/>\n<meta property=\"og:locale\" content=\"da_DK\" \/>\n<meta property=\"og:type\" content=\"article\" \/>\n<meta property=\"og:title\" content=\"Block lounge stol | Samarbejde med Kvadrat\" \/>\n<meta property=\"og:description\" content=\"Block Lounge Chair af Form &amp; Refine i samarbejde med Kvadrat. \u2713 Skandinavisk design, h\u00f8j komfort. Ideel til dit hjem.\" \/>\n<meta property=\"og:url\" content=\"https:\/\/formandrefine.com\/da\/vare\/block-lounge-chair-oak-zero\/\" \/>\n<meta property=\"og:site_name\" content=\"Form &amp; Refine\" \/>\n<meta property=\"article:modified_time\" content=\"2026-01-15T13:06:08+00:00\" \/>\n<meta property=\"og:image\" content=\"https:\/\/formandrefine.com\/wp-content\/uploads\/2023\/12\/1Form-and-Refine_Block-Lounge-Chair_Oak_Zero_Front-scaled.webp\" \/>\n\t<meta property=\"og:image:width\" content=\"2560\" \/>\n\t<meta property=\"og:image:height\" content=\"2560\" \/>\n\t<meta property=\"og:image:type\" content=\"image\/webp\" \/>\n<meta name=\"twitter:card\" content=\"summary_large_image\" \/>\n<meta name=\"twitter:label1\" content=\"Estimeret l\u00e6setid\" \/>\n\t<meta name=\"twitter:data1\" content=\"3 minutter\" \/>\n<script type=\"application\/ld+json\" class=\"yoast-schema-graph\">{\"@context\":\"https:\/\/schema.org\",\"@graph\":[{\"@type\":\"WebPage\",\"@id\":\"https:\/\/formandrefine.com\/da\/vare\/block-lounge-chair-oak-zero\/\",\"url\":\"https:\/\/formandrefine.com\/da\/vare\/block-lounge-chair-oak-zero\/\",\"name\":\"Block lounge stol | Samarbejde med Kvadrat\",\"isPartOf\":{\"@id\":\"https:\/\/formandrefine.com\/#website\"},\"primaryImageOfPage\":{\"@id\":\"https:\/\/formandrefine.com\/da\/vare\/block-lounge-chair-oak-zero\/#primaryimage\"},\"image\":{\"@id\":\"https:\/\/formandrefine.com\/da\/vare\/block-lounge-chair-oak-zero\/#primaryimage\"},\"thumbnailUrl\":\"https:\/\/formandrefine.com\/wp-content\/uploads\/2023\/12\/1Form-and-Refine_Block-Lounge-Chair_Oak_Zero_Front-scaled.webp\",\"datePublished\":\"2023-12-21T14:58:20+00:00\",\"dateModified\":\"2026-01-15T13:06:08+00:00\",\"description\":\"Block Lounge Chair af Form & Refine i samarbejde med Kvadrat. \u2713 Skandinavisk design, h\u00f8j komfort. Ideel til dit hjem.\",\"breadcrumb\":{\"@id\":\"https:\/\/formandrefine.com\/da\/vare\/block-lounge-chair-oak-zero\/#breadcrumb\"},\"inLanguage\":\"da-DK\",\"potentialAction\":[{\"@type\":\"ReadAction\",\"target\":[\"https:\/\/formandrefine.com\/da\/vare\/block-lounge-chair-oak-zero\/\"]}]},{\"@type\":\"ImageObject\",\"inLanguage\":\"da-DK\",\"@id\":\"https:\/\/formandrefine.com\/da\/vare\/block-lounge-chair-oak-zero\/#primaryimage\",\"url\":\"https:\/\/formandrefine.com\/wp-content\/uploads\/2023\/12\/1Form-and-Refine_Block-Lounge-Chair_Oak_Zero_Front-scaled.webp\",\"contentUrl\":\"https:\/\/formandrefine.com\/wp-content\/uploads\/2023\/12\/1Form-and-Refine_Block-Lounge-Chair_Oak_Zero_Front-scaled.webp\",\"width\":2560,\"height\":2560},{\"@type\":\"BreadcrumbList\",\"@id\":\"https:\/\/formandrefine.com\/da\/vare\/block-lounge-chair-oak-zero\/#breadcrumb\",\"itemListElement\":[{\"@type\":\"ListItem\",\"position\":1,\"name\":\"Home\",\"item\":\"https:\/\/formandrefine.com\/da\/\"},{\"@type\":\"ListItem\",\"position\":2,\"name\":\"Butik\",\"item\":\"https:\/\/formandrefine.com\/da\/butik\/\"},{\"@type\":\"ListItem\",\"position\":3,\"name\":\"Block Lounge Chair, Oak Zero\"}]},{\"@type\":\"WebSite\",\"@id\":\"https:\/\/formandrefine.com\/#website\",\"url\":\"https:\/\/formandrefine.com\/\",\"name\":\"Form &amp; Refine\",\"description\":\"Form and Refine is a Danish design brand. We form collections of Nordic design that will refine as the years progress.\",\"potentialAction\":[{\"@type\":\"SearchAction\",\"target\":{\"@type\":\"EntryPoint\",\"urlTemplate\":\"https:\/\/formandrefine.com\/?s={search_term_string}\"},\"query-input\":{\"@type\":\"PropertyValueSpecification\",\"valueRequired\":true,\"valueName\":\"search_term_string\"}}],\"inLanguage\":\"da-DK\"}]}<\/script>\n<!-- \/ Yoast SEO plugin. -->","yoast_head_json":{"title":"Block lounge stol | Samarbejde med Kvadrat","description":"Block Lounge Chair af Form & Refine i samarbejde med Kvadrat. \u2713 Skandinavisk design, h\u00f8j komfort. Ideel til dit hjem.","robots":{"index":"index","follow":"follow","max-snippet":"max-snippet:-1","max-image-preview":"max-image-preview:large","max-video-preview":"max-video-preview:-1"},"canonical":"https:\/\/formandrefine.com\/da\/vare\/block-lounge-chair-oak-zero\/","og_locale":"da_DK","og_type":"article","og_title":"Block lounge stol | Samarbejde med Kvadrat","og_description":"Block Lounge Chair af Form & Refine i samarbejde med Kvadrat. \u2713 Skandinavisk design, h\u00f8j komfort. Ideel til dit hjem.","og_url":"https:\/\/formandrefine.com\/da\/vare\/block-lounge-chair-oak-zero\/","og_site_name":"Form &amp; Refine","article_modified_time":"2026-01-15T13:06:08+00:00","og_image":[{"width":2560,"height":2560,"url":"https:\/\/formandrefine.com\/wp-content\/uploads\/2023\/12\/1Form-and-Refine_Block-Lounge-Chair_Oak_Zero_Front-scaled.webp","type":"image\/webp"}],"twitter_card":"summary_large_image","twitter_misc":{"Estimeret l\u00e6setid":"3 minutter"},"schema":{"@context":"https:\/\/schema.org","@graph":[{"@type":"WebPage","@id":"https:\/\/formandrefine.com\/da\/vare\/block-lounge-chair-oak-zero\/","url":"https:\/\/formandrefine.com\/da\/vare\/block-lounge-chair-oak-zero\/","name":"Block lounge stol | Samarbejde med Kvadrat","isPartOf":{"@id":"https:\/\/formandrefine.com\/#website"},"primaryImageOfPage":{"@id":"https:\/\/formandrefine.com\/da\/vare\/block-lounge-chair-oak-zero\/#primaryimage"},"image":{"@id":"https:\/\/formandrefine.com\/da\/vare\/block-lounge-chair-oak-zero\/#primaryimage"},"thumbnailUrl":"https:\/\/formandrefine.com\/wp-content\/uploads\/2023\/12\/1Form-and-Refine_Block-Lounge-Chair_Oak_Zero_Front-scaled.webp","datePublished":"2023-12-21T14:58:20+00:00","dateModified":"2026-01-15T13:06:08+00:00","description":"Block Lounge Chair af Form & Refine i samarbejde med Kvadrat. \u2713 Skandinavisk design, h\u00f8j komfort. Ideel til dit hjem.","breadcrumb":{"@id":"https:\/\/formandrefine.com\/da\/vare\/block-lounge-chair-oak-zero\/#breadcrumb"},"inLanguage":"da-DK","potentialAction":[{"@type":"ReadAction","target":["https:\/\/formandrefine.com\/da\/vare\/block-lounge-chair-oak-zero\/"]}]},{"@type":"ImageObject","inLanguage":"da-DK","@id":"https:\/\/formandrefine.com\/da\/vare\/block-lounge-chair-oak-zero\/#primaryimage","url":"https:\/\/formandrefine.com\/wp-content\/uploads\/2023\/12\/1Form-and-Refine_Block-Lounge-Chair_Oak_Zero_Front-scaled.webp","contentUrl":"https:\/\/formandrefine.com\/wp-content\/uploads\/2023\/12\/1Form-and-Refine_Block-Lounge-Chair_Oak_Zero_Front-scaled.webp","width":2560,"height":2560},{"@type":"BreadcrumbList","@id":"https:\/\/formandrefine.com\/da\/vare\/block-lounge-chair-oak-zero\/#breadcrumb","itemListElement":[{"@type":"ListItem","position":1,"name":"Home","item":"https:\/\/formandrefine.com\/da\/"},{"@type":"ListItem","position":2,"name":"Butik","item":"https:\/\/formandrefine.com\/da\/butik\/"},{"@type":"ListItem","position":3,"name":"Block Lounge Chair, Oak Zero"}]},{"@type":"WebSite","@id":"https:\/\/formandrefine.com\/#website","url":"https:\/\/formandrefine.com\/","name":"Form &amp; Refine","description":"Form and Refine is a Danish design brand. We form collections of Nordic design that will refine as the years progress.","potentialAction":[{"@type":"SearchAction","target":{"@type":"EntryPoint","urlTemplate":"https:\/\/formandrefine.com\/?s={search_term_string}"},"query-input":{"@type":"PropertyValueSpecification","valueRequired":true,"valueName":"search_term_string"}}],"inLanguage":"da-DK"}]}},"_links":{"self":[{"href":"https:\/\/formandrefine.com\/da\/wp-json\/wp\/v2\/product\/16111","targetHints":{"allow":["GET"]}}],"collection":[{"href":"https:\/\/formandrefine.com\/da\/wp-json\/wp\/v2\/product"}],"about":[{"href":"https:\/\/formandrefine.com\/da\/wp-json\/wp\/v2\/types\/product"}],"version-history":[{"count":5,"href":"https:\/\/formandrefine.com\/da\/wp-json\/wp\/v2\/product\/16111\/revisions"}],"predecessor-version":[{"id":26385,"href":"https:\/\/formandrefine.com\/da\/wp-json\/wp\/v2\/product\/16111\/revisions\/26385"}],"wp:featuredmedia":[{"embeddable":true,"href":"https:\/\/formandrefine.com\/da\/wp-json\/wp\/v2\/media\/16113"}],"wp:attachment":[{"href":"https:\/\/formandrefine.com\/da\/wp-json\/wp\/v2\/media?parent=16111"}],"wp:term":[{"taxonomy":"product_brand","embeddable":true,"href":"https:\/\/formandrefine.com\/da\/wp-json\/wp\/v2\/product_brand?post=16111"},{"taxonomy":"product_cat","embeddable":true,"href":"https:\/\/formandrefine.com\/da\/wp-json\/wp\/v2\/product_cat?post=16111"},{"taxonomy":"product_tag","embeddable":true,"href":"https:\/\/formandrefine.com\/da\/wp-json\/wp\/v2\/product_tag?post=16111"}],"curies":[{"name":"wp","href":"https:\/\/api.w.org\/{rel}","templated":true}]}}