{"id":27751,"date":"2026-03-09T08:52:41","date_gmt":"2026-03-09T07:52:41","guid":{"rendered":"https:\/\/formandrefine.com\/materials\/daunen-faserfuellung\/"},"modified":"2026-03-09T08:52:41","modified_gmt":"2026-03-09T07:52:41","slug":"daunen-faserfuellung","status":"publish","type":"adt_materials","link":"https:\/\/formandrefine.com\/de\/materials\/daunen-faserfuellung\/","title":{"rendered":"Daunen &#038; Faserf\u00fcllung"},"content":{"rendered":"<p><span data-contrast=\"none\">Daunen und Federn sind nat\u00fcrliche Materialien, die sowohl Komfort als auch Elastizit\u00e4t bieten. Wir verwenden sie in zwei verschiedenen Kombinationen in unserer Kollektion, um die richtige Balance zwischen Weichheit, St\u00fctzkraft und langlebiger Qualit\u00e4t zu erreichen.<\/span><span data-ccp-props=\"{&quot;201341983&quot;:0,&quot;335559740&quot;:276}\">\u00a0<\/span><\/p>\n<p><span data-contrast=\"none\">Unsere Zierkissen sind mit einer Mischung aus 50 % Entenfedern und 50 % recycelten Ballfasern (rPET) gef\u00fcllt. Die Kombination aus weichen Naturfedern und leichten, formstabilen Fasern sorgt f\u00fcr dauerhaften Komfort und Volumen. Die Ballfaser wird aus recycelten Polyesterf\u00e4den hergestellt, die zu kleinen Klumpen geformt werden, w\u00e4hrend die Entenfedern ein Nebenprodukt der Lebensmittelindustrie sind, das sonst als Abfall entsorgt w\u00fcrde.<\/span><span data-ccp-props=\"{&quot;201341983&quot;:0,&quot;335559740&quot;:276}\">\u00a0<\/span><\/p>\n<p><span data-contrast=\"none\">F\u00fcr unsere Polsterm\u00f6bel verwenden wir eine Polydun-F\u00fcllung, die zu 70 % aus Schaumstoff und zu 30 % aus Daunen und Federn besteht. Diese Mischung kombiniert einen st\u00fctzenden Schaumstoffkern mit einer weichen, nat\u00fcrlichen Oberschicht und sorgt so f\u00fcr Komfort und Formstabilit\u00e4t in unseren Sitz- und R\u00fcckenkissen.<\/span><span data-ccp-props=\"{&quot;201341983&quot;:0,&quot;335559740&quot;:276}\">\u00a0<\/span><\/p>\n","protected":false},"featured_media":27658,"template":"","class_list":["post-27751","adt_materials","type-adt_materials","status-publish","has-post-thumbnail","hentry"],"acf":[],"yoast_head":"<!-- This site is optimized with the Yoast SEO plugin v25.9 - https:\/\/yoast.com\/wordpress\/plugins\/seo\/ -->\n<title>Daunen &amp; Faserf\u00fcllung - Form &amp; Refine<\/title>\n<meta name=\"robots\" content=\"index, follow, max-snippet:-1, max-image-preview:large, max-video-preview:-1\" \/>\n<link rel=\"canonical\" href=\"https:\/\/formandrefine.com\/de\/materials\/daunen-faserfuellung\/\" \/>\n<meta property=\"og:locale\" content=\"de_DE\" \/>\n<meta property=\"og:type\" content=\"article\" \/>\n<meta property=\"og:title\" content=\"Daunen &amp; Faserf\u00fcllung - Form &amp; Refine\" \/>\n<meta property=\"og:description\" content=\"Daunen und Federn sind nat\u00fcrliche Materialien, die sowohl Komfort als auch Elastizit\u00e4t bieten. Wir verwenden sie in zwei verschiedenen Kombinationen in unserer Kollektion, um die richtige Balance zwischen Weichheit, St\u00fctzkraft und langlebiger Qualit\u00e4t zu erreichen.\u00a0 Unsere Zierkissen sind mit einer Mischung aus 50 % Entenfedern und 50 % recycelten Ballfasern (rPET) gef\u00fcllt. Die Kombination aus [...]\" \/>\n<meta property=\"og:url\" content=\"https:\/\/formandrefine.com\/de\/materials\/daunen-faserfuellung\/\" \/>\n<meta property=\"og:site_name\" content=\"Form &amp; Refine\" \/>\n<meta property=\"og:image\" content=\"https:\/\/formandrefine.com\/wp-content\/uploads\/2026\/03\/DownandFibre_wide.webp\" \/>\n\t<meta property=\"og:image:width\" content=\"1920\" \/>\n\t<meta property=\"og:image:height\" content=\"1080\" \/>\n\t<meta property=\"og:image:type\" content=\"image\/webp\" \/>\n<meta name=\"twitter:card\" content=\"summary_large_image\" \/>\n<meta name=\"twitter:label1\" content=\"Gesch\u00e4tzte Lesezeit\" \/>\n\t<meta name=\"twitter:data1\" content=\"1\u00a0Minute\" \/>\n<script type=\"application\/ld+json\" class=\"yoast-schema-graph\">{\"@context\":\"https:\/\/schema.org\",\"@graph\":[{\"@type\":\"WebPage\",\"@id\":\"https:\/\/formandrefine.com\/de\/materials\/daunen-faserfuellung\/\",\"url\":\"https:\/\/formandrefine.com\/de\/materials\/daunen-faserfuellung\/\",\"name\":\"Daunen & Faserf\u00fcllung - Form &amp; Refine\",\"isPartOf\":{\"@id\":\"https:\/\/formandrefine.com\/#website\"},\"primaryImageOfPage\":{\"@id\":\"https:\/\/formandrefine.com\/de\/materials\/daunen-faserfuellung\/#primaryimage\"},\"image\":{\"@id\":\"https:\/\/formandrefine.com\/de\/materials\/daunen-faserfuellung\/#primaryimage\"},\"thumbnailUrl\":\"https:\/\/formandrefine.com\/wp-content\/uploads\/2026\/03\/DownandFibre_wide.webp\",\"datePublished\":\"2026-03-09T07:52:41+00:00\",\"breadcrumb\":{\"@id\":\"https:\/\/formandrefine.com\/de\/materials\/daunen-faserfuellung\/#breadcrumb\"},\"inLanguage\":\"de\",\"potentialAction\":[{\"@type\":\"ReadAction\",\"target\":[\"https:\/\/formandrefine.com\/de\/materials\/daunen-faserfuellung\/\"]}]},{\"@type\":\"ImageObject\",\"inLanguage\":\"de\",\"@id\":\"https:\/\/formandrefine.com\/de\/materials\/daunen-faserfuellung\/#primaryimage\",\"url\":\"https:\/\/formandrefine.com\/wp-content\/uploads\/2026\/03\/DownandFibre_wide.webp\",\"contentUrl\":\"https:\/\/formandrefine.com\/wp-content\/uploads\/2026\/03\/DownandFibre_wide.webp\",\"width\":1920,\"height\":1080},{\"@type\":\"BreadcrumbList\",\"@id\":\"https:\/\/formandrefine.com\/de\/materials\/daunen-faserfuellung\/#breadcrumb\",\"itemListElement\":[{\"@type\":\"ListItem\",\"position\":1,\"name\":\"Home\",\"item\":\"https:\/\/formandrefine.com\/de\/\"},{\"@type\":\"ListItem\",\"position\":2,\"name\":\"Materials\",\"item\":\"https:\/\/formandrefine.com\/da\/materials\/\"},{\"@type\":\"ListItem\",\"position\":3,\"name\":\"Daunen &#038; Faserf\u00fcllung\"}]},{\"@type\":\"WebSite\",\"@id\":\"https:\/\/formandrefine.com\/#website\",\"url\":\"https:\/\/formandrefine.com\/\",\"name\":\"Form &amp; Refine\",\"description\":\"Form and Refine is a Danish design brand. We form collections of Nordic design that will refine as the years progress.\",\"potentialAction\":[{\"@type\":\"SearchAction\",\"target\":{\"@type\":\"EntryPoint\",\"urlTemplate\":\"https:\/\/formandrefine.com\/?s={search_term_string}\"},\"query-input\":{\"@type\":\"PropertyValueSpecification\",\"valueRequired\":true,\"valueName\":\"search_term_string\"}}],\"inLanguage\":\"de\"}]}<\/script>\n<!-- \/ Yoast SEO plugin. -->","yoast_head_json":{"title":"Daunen & Faserf\u00fcllung - Form &amp; Refine","robots":{"index":"index","follow":"follow","max-snippet":"max-snippet:-1","max-image-preview":"max-image-preview:large","max-video-preview":"max-video-preview:-1"},"canonical":"https:\/\/formandrefine.com\/de\/materials\/daunen-faserfuellung\/","og_locale":"de_DE","og_type":"article","og_title":"Daunen & Faserf\u00fcllung - Form &amp; Refine","og_description":"Daunen und Federn sind nat\u00fcrliche Materialien, die sowohl Komfort als auch Elastizit\u00e4t bieten. Wir verwenden sie in zwei verschiedenen Kombinationen in unserer Kollektion, um die richtige Balance zwischen Weichheit, St\u00fctzkraft und langlebiger Qualit\u00e4t zu erreichen.\u00a0 Unsere Zierkissen sind mit einer Mischung aus 50 % Entenfedern und 50 % recycelten Ballfasern (rPET) gef\u00fcllt. Die Kombination aus [...]","og_url":"https:\/\/formandrefine.com\/de\/materials\/daunen-faserfuellung\/","og_site_name":"Form &amp; Refine","og_image":[{"width":1920,"height":1080,"url":"https:\/\/formandrefine.com\/wp-content\/uploads\/2026\/03\/DownandFibre_wide.webp","type":"image\/webp"}],"twitter_card":"summary_large_image","twitter_misc":{"Gesch\u00e4tzte Lesezeit":"1\u00a0Minute"},"schema":{"@context":"https:\/\/schema.org","@graph":[{"@type":"WebPage","@id":"https:\/\/formandrefine.com\/de\/materials\/daunen-faserfuellung\/","url":"https:\/\/formandrefine.com\/de\/materials\/daunen-faserfuellung\/","name":"Daunen & Faserf\u00fcllung - Form &amp; Refine","isPartOf":{"@id":"https:\/\/formandrefine.com\/#website"},"primaryImageOfPage":{"@id":"https:\/\/formandrefine.com\/de\/materials\/daunen-faserfuellung\/#primaryimage"},"image":{"@id":"https:\/\/formandrefine.com\/de\/materials\/daunen-faserfuellung\/#primaryimage"},"thumbnailUrl":"https:\/\/formandrefine.com\/wp-content\/uploads\/2026\/03\/DownandFibre_wide.webp","datePublished":"2026-03-09T07:52:41+00:00","breadcrumb":{"@id":"https:\/\/formandrefine.com\/de\/materials\/daunen-faserfuellung\/#breadcrumb"},"inLanguage":"de","potentialAction":[{"@type":"ReadAction","target":["https:\/\/formandrefine.com\/de\/materials\/daunen-faserfuellung\/"]}]},{"@type":"ImageObject","inLanguage":"de","@id":"https:\/\/formandrefine.com\/de\/materials\/daunen-faserfuellung\/#primaryimage","url":"https:\/\/formandrefine.com\/wp-content\/uploads\/2026\/03\/DownandFibre_wide.webp","contentUrl":"https:\/\/formandrefine.com\/wp-content\/uploads\/2026\/03\/DownandFibre_wide.webp","width":1920,"height":1080},{"@type":"BreadcrumbList","@id":"https:\/\/formandrefine.com\/de\/materials\/daunen-faserfuellung\/#breadcrumb","itemListElement":[{"@type":"ListItem","position":1,"name":"Home","item":"https:\/\/formandrefine.com\/de\/"},{"@type":"ListItem","position":2,"name":"Materials","item":"https:\/\/formandrefine.com\/da\/materials\/"},{"@type":"ListItem","position":3,"name":"Daunen &#038; Faserf\u00fcllung"}]},{"@type":"WebSite","@id":"https:\/\/formandrefine.com\/#website","url":"https:\/\/formandrefine.com\/","name":"Form &amp; Refine","description":"Form and Refine is a Danish design brand. We form collections of Nordic design that will refine as the years progress.","potentialAction":[{"@type":"SearchAction","target":{"@type":"EntryPoint","urlTemplate":"https:\/\/formandrefine.com\/?s={search_term_string}"},"query-input":{"@type":"PropertyValueSpecification","valueRequired":true,"valueName":"search_term_string"}}],"inLanguage":"de"}]}},"_links":{"self":[{"href":"https:\/\/formandrefine.com\/de\/wp-json\/wp\/v2\/adt_materials\/27751","targetHints":{"allow":["GET"]}}],"collection":[{"href":"https:\/\/formandrefine.com\/de\/wp-json\/wp\/v2\/adt_materials"}],"about":[{"href":"https:\/\/formandrefine.com\/de\/wp-json\/wp\/v2\/types\/adt_materials"}],"wp:featuredmedia":[{"embeddable":true,"href":"https:\/\/formandrefine.com\/de\/wp-json\/wp\/v2\/media\/27658"}],"wp:attachment":[{"href":"https:\/\/formandrefine.com\/de\/wp-json\/wp\/v2\/media?parent=27751"}],"curies":[{"name":"wp","href":"https:\/\/api.w.org\/{rel}","templated":true}]}}