{"id":27757,"date":"2026-03-09T10:04:35","date_gmt":"2026-03-09T09:04:35","guid":{"rendered":"https:\/\/formandrefine.com\/materials\/eiche\/"},"modified":"2026-04-21T08:38:53","modified_gmt":"2026-04-21T06:38:53","slug":"eiche","status":"publish","type":"adt_materials","link":"https:\/\/formandrefine.com\/de\/materials\/eiche\/","title":{"rendered":"Eiche"},"content":{"rendered":"<p><span data-contrast=\"none\">Eiche ist ein nat\u00fcrliches Material, das durch verantwortungsvolle Waldbewirtschaftung wieder angepflanzt und erneuert werden kann. Da Holz eine wichtige Rolle in unseren Produkten spielt, legen wir gro\u00dfen Wert darauf, es aus verantwortungsvoll bewirtschafteten W\u00e4ldern zu beziehen. Die von uns verwendete Eiche stammt aus europ\u00e4ischen W\u00e4ldern. Wir engagieren uns f\u00fcr eine verantwortungsvolle Forstwirtschaft. Mit wenigen Ausnahmen stammt der Gro\u00dfteil unserer Eiche aus FSC\u00ae-zertifizierten europ\u00e4ischen W\u00e4ldern.\u00a0<\/span><span data-ccp-props=\"{&quot;201341983&quot;:0,&quot;335559740&quot;:276}\">\u00a0<\/span><\/p>\n<p><span data-contrast=\"none\">Eiche spielt aufgrund ihrer au\u00dfergew\u00f6hnlichen Haltbarkeit und ihrer starken Verbindung zur Natur eine zentrale Rolle in vielen unserer Designs. Eiche ist bekannt f\u00fcr ihre Festigkeit und Vielseitigkeit, l\u00e4sst sich leicht formen und eignet sich gut f\u00fcr eine Vielzahl von Verarbeitungsmethoden.<\/span><span data-ccp-props=\"{&quot;201341983&quot;:0,&quot;335559740&quot;:276}\">\u00a0<\/span><\/p>\n<p><span data-contrast=\"none\">Wir verwenden f\u00fcr die meisten unserer Produkte massives Eichenholz, wodurch der nat\u00fcrliche Charakter des Holzes zur Geltung kommt. Wir dampfbiegen oder vorspannen die Komponenten, um bequeme R\u00fcckenlehnen zu erzielen. Das Dampfbiegen ist eine traditionelle Technik, mit der Massivholz in sanfte Kurven geformt werden kann. Das Holz wird Dampf und Hitze ausgesetzt, dann in die gew\u00fcnschte Form gebogen und unter kontrollierter Hitze getrocknet, um seine Form zu behalten.\u00a0<\/span><span data-ccp-props=\"{&quot;201341983&quot;:0,&quot;335559740&quot;:276}\">\u00a0<\/span><\/p>\n<p><span data-contrast=\"none\">Der einzigartige Charakter von Eiche kommt von seiner lebhaften Maserung und seinen warmen Farbt\u00f6nen \u2013 ein nat\u00fcrliches Ergebnis der groben Poren und Markstrahlen im Holz. Eiche ist ein robustes Hartholz mit nat\u00fcrlichem Gerbs\u00e4uregehalt, der das Holz sch\u00fctzt und es bei richtiger Pflege mit der Zeit eine sch\u00f6ne Patina entwickeln l\u00e4sst.<\/span><\/p>\n","protected":false},"featured_media":27650,"template":"","class_list":["post-27757","adt_materials","type-adt_materials","status-publish","has-post-thumbnail","hentry"],"acf":[],"yoast_head":"<!-- This site is optimized with the Yoast SEO plugin v25.9 - https:\/\/yoast.com\/wordpress\/plugins\/seo\/ -->\n<title>Eiche - Form &amp; Refine<\/title>\n<meta name=\"robots\" content=\"index, follow, max-snippet:-1, max-image-preview:large, max-video-preview:-1\" \/>\n<link rel=\"canonical\" href=\"https:\/\/formandrefine.com\/de\/materials\/eiche\/\" \/>\n<meta property=\"og:locale\" content=\"de_DE\" \/>\n<meta property=\"og:type\" content=\"article\" \/>\n<meta property=\"og:title\" content=\"Eiche - Form &amp; Refine\" \/>\n<meta property=\"og:description\" content=\"Eiche ist ein nat\u00fcrliches Material, das durch verantwortungsvolle Waldbewirtschaftung wieder angepflanzt und erneuert werden kann. Da Holz eine wichtige Rolle in unseren Produkten spielt, legen wir gro\u00dfen Wert darauf, es aus verantwortungsvoll bewirtschafteten W\u00e4ldern zu beziehen. Die von uns verwendete Eiche stammt aus europ\u00e4ischen W\u00e4ldern. Wir engagieren uns f\u00fcr eine verantwortungsvolle Forstwirtschaft. Mit wenigen Ausnahmen [...]\" \/>\n<meta property=\"og:url\" content=\"https:\/\/formandrefine.com\/de\/materials\/eiche\/\" \/>\n<meta property=\"og:site_name\" content=\"Form &amp; Refine\" \/>\n<meta property=\"article:modified_time\" content=\"2026-04-21T06:38:53+00:00\" \/>\n<meta property=\"og:image\" content=\"https:\/\/formandrefine.com\/wp-content\/uploads\/2026\/03\/Oak_wide.webp\" \/>\n\t<meta property=\"og:image:width\" content=\"1920\" \/>\n\t<meta property=\"og:image:height\" content=\"1080\" \/>\n\t<meta property=\"og:image:type\" content=\"image\/webp\" \/>\n<meta name=\"twitter:card\" content=\"summary_large_image\" \/>\n<meta name=\"twitter:label1\" content=\"Gesch\u00e4tzte Lesezeit\" \/>\n\t<meta name=\"twitter:data1\" content=\"2\u00a0Minuten\" \/>\n<script type=\"application\/ld+json\" class=\"yoast-schema-graph\">{\"@context\":\"https:\/\/schema.org\",\"@graph\":[{\"@type\":\"WebPage\",\"@id\":\"https:\/\/formandrefine.com\/de\/materials\/eiche\/\",\"url\":\"https:\/\/formandrefine.com\/de\/materials\/eiche\/\",\"name\":\"Eiche - Form &amp; Refine\",\"isPartOf\":{\"@id\":\"https:\/\/formandrefine.com\/#website\"},\"primaryImageOfPage\":{\"@id\":\"https:\/\/formandrefine.com\/de\/materials\/eiche\/#primaryimage\"},\"image\":{\"@id\":\"https:\/\/formandrefine.com\/de\/materials\/eiche\/#primaryimage\"},\"thumbnailUrl\":\"https:\/\/formandrefine.com\/wp-content\/uploads\/2026\/03\/Oak_wide.webp\",\"datePublished\":\"2026-03-09T09:04:35+00:00\",\"dateModified\":\"2026-04-21T06:38:53+00:00\",\"breadcrumb\":{\"@id\":\"https:\/\/formandrefine.com\/de\/materials\/eiche\/#breadcrumb\"},\"inLanguage\":\"de\",\"potentialAction\":[{\"@type\":\"ReadAction\",\"target\":[\"https:\/\/formandrefine.com\/de\/materials\/eiche\/\"]}]},{\"@type\":\"ImageObject\",\"inLanguage\":\"de\",\"@id\":\"https:\/\/formandrefine.com\/de\/materials\/eiche\/#primaryimage\",\"url\":\"https:\/\/formandrefine.com\/wp-content\/uploads\/2026\/03\/Oak_wide.webp\",\"contentUrl\":\"https:\/\/formandrefine.com\/wp-content\/uploads\/2026\/03\/Oak_wide.webp\",\"width\":1920,\"height\":1080},{\"@type\":\"BreadcrumbList\",\"@id\":\"https:\/\/formandrefine.com\/de\/materials\/eiche\/#breadcrumb\",\"itemListElement\":[{\"@type\":\"ListItem\",\"position\":1,\"name\":\"Home\",\"item\":\"https:\/\/formandrefine.com\/de\/\"},{\"@type\":\"ListItem\",\"position\":2,\"name\":\"Materials\",\"item\":\"https:\/\/formandrefine.com\/da\/materials\/\"},{\"@type\":\"ListItem\",\"position\":3,\"name\":\"Eiche\"}]},{\"@type\":\"WebSite\",\"@id\":\"https:\/\/formandrefine.com\/#website\",\"url\":\"https:\/\/formandrefine.com\/\",\"name\":\"Form &amp; Refine\",\"description\":\"Form and Refine is a Danish design brand. We form collections of Nordic design that will refine as the years progress.\",\"potentialAction\":[{\"@type\":\"SearchAction\",\"target\":{\"@type\":\"EntryPoint\",\"urlTemplate\":\"https:\/\/formandrefine.com\/?s={search_term_string}\"},\"query-input\":{\"@type\":\"PropertyValueSpecification\",\"valueRequired\":true,\"valueName\":\"search_term_string\"}}],\"inLanguage\":\"de\"}]}<\/script>\n<!-- \/ Yoast SEO plugin. -->","yoast_head_json":{"title":"Eiche - Form &amp; Refine","robots":{"index":"index","follow":"follow","max-snippet":"max-snippet:-1","max-image-preview":"max-image-preview:large","max-video-preview":"max-video-preview:-1"},"canonical":"https:\/\/formandrefine.com\/de\/materials\/eiche\/","og_locale":"de_DE","og_type":"article","og_title":"Eiche - Form &amp; Refine","og_description":"Eiche ist ein nat\u00fcrliches Material, das durch verantwortungsvolle Waldbewirtschaftung wieder angepflanzt und erneuert werden kann. Da Holz eine wichtige Rolle in unseren Produkten spielt, legen wir gro\u00dfen Wert darauf, es aus verantwortungsvoll bewirtschafteten W\u00e4ldern zu beziehen. Die von uns verwendete Eiche stammt aus europ\u00e4ischen W\u00e4ldern. Wir engagieren uns f\u00fcr eine verantwortungsvolle Forstwirtschaft. Mit wenigen Ausnahmen [...]","og_url":"https:\/\/formandrefine.com\/de\/materials\/eiche\/","og_site_name":"Form &amp; Refine","article_modified_time":"2026-04-21T06:38:53+00:00","og_image":[{"width":1920,"height":1080,"url":"https:\/\/formandrefine.com\/wp-content\/uploads\/2026\/03\/Oak_wide.webp","type":"image\/webp"}],"twitter_card":"summary_large_image","twitter_misc":{"Gesch\u00e4tzte Lesezeit":"2\u00a0Minuten"},"schema":{"@context":"https:\/\/schema.org","@graph":[{"@type":"WebPage","@id":"https:\/\/formandrefine.com\/de\/materials\/eiche\/","url":"https:\/\/formandrefine.com\/de\/materials\/eiche\/","name":"Eiche - Form &amp; Refine","isPartOf":{"@id":"https:\/\/formandrefine.com\/#website"},"primaryImageOfPage":{"@id":"https:\/\/formandrefine.com\/de\/materials\/eiche\/#primaryimage"},"image":{"@id":"https:\/\/formandrefine.com\/de\/materials\/eiche\/#primaryimage"},"thumbnailUrl":"https:\/\/formandrefine.com\/wp-content\/uploads\/2026\/03\/Oak_wide.webp","datePublished":"2026-03-09T09:04:35+00:00","dateModified":"2026-04-21T06:38:53+00:00","breadcrumb":{"@id":"https:\/\/formandrefine.com\/de\/materials\/eiche\/#breadcrumb"},"inLanguage":"de","potentialAction":[{"@type":"ReadAction","target":["https:\/\/formandrefine.com\/de\/materials\/eiche\/"]}]},{"@type":"ImageObject","inLanguage":"de","@id":"https:\/\/formandrefine.com\/de\/materials\/eiche\/#primaryimage","url":"https:\/\/formandrefine.com\/wp-content\/uploads\/2026\/03\/Oak_wide.webp","contentUrl":"https:\/\/formandrefine.com\/wp-content\/uploads\/2026\/03\/Oak_wide.webp","width":1920,"height":1080},{"@type":"BreadcrumbList","@id":"https:\/\/formandrefine.com\/de\/materials\/eiche\/#breadcrumb","itemListElement":[{"@type":"ListItem","position":1,"name":"Home","item":"https:\/\/formandrefine.com\/de\/"},{"@type":"ListItem","position":2,"name":"Materials","item":"https:\/\/formandrefine.com\/da\/materials\/"},{"@type":"ListItem","position":3,"name":"Eiche"}]},{"@type":"WebSite","@id":"https:\/\/formandrefine.com\/#website","url":"https:\/\/formandrefine.com\/","name":"Form &amp; Refine","description":"Form and Refine is a Danish design brand. We form collections of Nordic design that will refine as the years progress.","potentialAction":[{"@type":"SearchAction","target":{"@type":"EntryPoint","urlTemplate":"https:\/\/formandrefine.com\/?s={search_term_string}"},"query-input":{"@type":"PropertyValueSpecification","valueRequired":true,"valueName":"search_term_string"}}],"inLanguage":"de"}]}},"_links":{"self":[{"href":"https:\/\/formandrefine.com\/de\/wp-json\/wp\/v2\/adt_materials\/27757","targetHints":{"allow":["GET"]}}],"collection":[{"href":"https:\/\/formandrefine.com\/de\/wp-json\/wp\/v2\/adt_materials"}],"about":[{"href":"https:\/\/formandrefine.com\/de\/wp-json\/wp\/v2\/types\/adt_materials"}],"wp:featuredmedia":[{"embeddable":true,"href":"https:\/\/formandrefine.com\/de\/wp-json\/wp\/v2\/media\/27650"}],"wp:attachment":[{"href":"https:\/\/formandrefine.com\/de\/wp-json\/wp\/v2\/media?parent=27757"}],"curies":[{"name":"wp","href":"https:\/\/api.w.org\/{rel}","templated":true}]}}